{"id":959,"date":"2022-08-20T06:29:39","date_gmt":"2022-08-20T06:29:39","guid":{"rendered":"https:\/\/www.insel-moen.de\/semesterhus-pa-mon-med-hund\/"},"modified":"2022-08-20T06:29:40","modified_gmt":"2022-08-20T06:29:40","slug":"semesterhus-pa-mon-med-hund","status":"publish","type":"page","link":"https:\/\/www.insel-moen.de\/sv\/semesterhus-pa-on-mon\/semesterhus-pa-mon-med-hund\/","title":{"rendered":"Semesterhus p\u00e5 Mon med hund"},"content":{"rendered":"<div style=\"width: 100%\" id=\"c24pp-holidayhome-iframe\" data-q=\"M\u00f8n\" region_id=\"71\" data-animals_maximum_min=\"1\"><\/div>\n<p><script src=\"https:\/\/files.check24.net\/widgets\/auto\/124552\/c24pp-holidayhome-iframe\/holidayhome-iframe.js\"><\/script><\/p>\n\n<h2 class=\"wp-block-heading\">Med hunden till M\u00f6n<\/h2>\n\n<p>  \u00d6n M\u00f6n \u00e4r perfekt f\u00f6r en semester med hunden. Vi har m\u00e5nga semesterhus i denna semesterregion med husdjurstillst\u00e5nd i programmet, som till\u00e5ter och \u00e4r utrustade f\u00f6r att ta emot en hund. M\u00f6ns strand erbjuder tillr\u00e4ckligt med utrymme f\u00f6r din fyrbenta v\u00e4n.  <\/p>\n\n<h2 class=\"wp-block-heading\"><strong>Semesterhus p\u00e5 Mon du med hund<\/strong><\/h2>\n\n<h3 class=\"wp-block-heading\">Boende p\u00e5 Mon med hund till\u00e5ts &#8211; utan extra kostnad.<br\/><\/h3>\n\n<p>Semestertid \u00e4r familjetid och ditt husdjur \u00e4r en viktig familjemedlem! Precis som sina &#8220;m\u00e4nniskor&#8221; tycker hunden om l\u00e5nga promenader, mysiga lekstunder, avkopplande timmar i skuggan eller &#8220;vattensporter&#8221; p\u00e5 stranden. Det \u00e4r en del av bilden av en harmonisk familjesemester.<\/p>\n\n<p>P\u00e5 Atraveo kan du ta med dig ditt husdjur i m\u00e5nga semesterhus. Om du letar efter ett fritidshus d\u00e4r du vill att din hund ska bo med dig beh\u00f6ver du bara v\u00e4lja s\u00f6kvillkoret &#8220;Husdjur till\u00e5tna&#8221; och markera det med &#8220;Ja&#8221;. Sedan finns det alla semesterhus som v\u00e4lkomnar fyrbenta semesterfirare.<br\/><\/p>\n\n<h3 class=\"wp-block-heading\"><strong>Det \u00e4r enkelt och bekv\u00e4mt att ha hunden i stugan p\u00e5 semestern.<\/strong><\/h3>\n\n<p>B\u00e5da huskategorierna till\u00e5ter max. 2 djur av arterna: hund, katt, kanin, marsvin, hamster och sk\u00f6ldpadda. Om du till exempel tar med din hund till ett semesterhus beh\u00f6ver du inte oroa dig f\u00f6r extra st\u00e4dkostnader. Det \u00e4r helt gratis att ta med sig hunden till ett Novasol-hus. Kom ih\u00e5g att st\u00e4da hunden och reng\u00f6ra den som vanligt n\u00e4r du g\u00e5r. Naturligtvis kan du ocks\u00e5 v\u00e4lja en slutst\u00e4dning, och d\u00e5 sv\u00e4nger vi dammsugaren in i stugan.<br\/><\/p>\n\n<h3 class=\"wp-block-heading\"><strong>N\u00e4r du bokar din semesterbostad p\u00e5 Mon b\u00f6r du alltid ange om du tar med husdjur.<\/strong><\/h3>\n\n<p><strong>I alla semesterhus som \u00e4r markerade med symbolen p\u00e5 hunden \u00e4r alla fyrbenta semesterfirare v\u00e4lkomna p\u00e5 M\u00f6n.<\/strong><\/p>\n\n<p>Du f\u00e5r inte \u00f6verskrida Ta med 2 husdjur under vistelsen om inte annat anges enligt M\u00f6n.<\/p>\n\n<p>Om du vill veta mer om reglerna f\u00f6r att resa med hund i naturen kan du hitta dem p\u00e5 Skogs- och naturv\u00e5rdsverket.<br\/><\/p>\n\n<h3 class=\"wp-block-heading\">Hundskogar i Danmark<\/h3>\n\n<p><\/p>\n\n<p>I Danmark finns det m\u00e5nga hundskogar d\u00e4r du m\u00e5ste f\u00e4rdas med en hund utan koppel. P\u00e5 den h\u00e4r sidan hittar du en \u00f6versikt \u00f6ver skogarna i Danmark:  <\/p>\n\n<p><a href=\"http:\/\/www.naturstyrelsen.dk\/Udgivelser\/Foldere\/Hunde\/hund.htm\">http:\/\/www.naturstyrelsen.dk\/Udgivelser\/Foldere\/Hunde\/hund.htm<\/a><\/p>\n\n<figure class=\"wp-block-embed\"><div class=\"wp-block-embed__wrapper\">\nhttps:\/\/dyr.dk\/hundeskove\n<\/div><\/figure>\n\n<p>Att simma i havet \u00f6kar cirkulationen och s\u00e4tter fart p\u00e5 hunden. Det varierande landskapet p\u00e5 \u00f6n M\u00f6n med M\u00f6ns Klint eller den n\u00e4rliggande safariparken erbjuder din hund m\u00e5nga nya \u00e4ventyr. Hundar \u00e4r ocks\u00e5 till\u00e5tna p\u00e5 f\u00e4rjan till Danmark (Rostock-&gt;Gedser p\u00e5 Falster) &#8211; dricksk\u00e5lar finns tillg\u00e4ngliga. S\u00e5 unna dig sj\u00e4lv och din hund en semester p\u00e5 den danska \u00f6n Mon. Vi rekommenderar Ulvshale, Bog\u00f6 eller \u00f6ns huvudstad Stege.  <\/p>\n","protected":false},"excerpt":{"rendered":"<p>Med hunden till M\u00f6n \u00d6n M\u00f6n \u00e4r perfekt f\u00f6r en semester med hunden. Vi har m\u00e5nga semesterhus i denna semesterregion med husdjurstillst\u00e5nd i programmet, som till\u00e5ter och \u00e4r utrustade f\u00f6r att ta emot en hund. M\u00f6ns strand erbjuder tillr\u00e4ckligt med utrymme f\u00f6r din fyrbenta v\u00e4n. Semesterhus p\u00e5 Mon du med hund Boende p\u00e5 Mon med [&hellip;]<\/p>\n","protected":false},"author":3,"featured_media":923,"parent":960,"menu_order":0,"comment_status":"closed","ping_status":"closed","template":"","meta":{"footnotes":""},"class_list":["post-959","page","type-page","status-publish","has-post-thumbnail","hentry"],"yoast_head":"<!-- This site is optimized with the Yoast SEO plugin v24.5 - https:\/\/yoast.com\/wordpress\/plugins\/seo\/ -->\n<title>Semesterhus p\u00e5 Mon med hund - Insel M\u00f6n<\/title>\n<meta name=\"robots\" content=\"index, follow, max-snippet:-1, max-image-preview:large, max-video-preview:-1\" \/>\n<link rel=\"canonical\" href=\"https:\/\/www.insel-moen.de\/sv\/semesterhus-pa-on-mon\/semesterhus-pa-mon-med-hund\/\" \/>\n<meta property=\"og:locale\" content=\"sv_SE\" \/>\n<meta property=\"og:type\" content=\"article\" \/>\n<meta property=\"og:title\" content=\"Semesterhus p\u00e5 Mon med hund - Insel M\u00f6n\" \/>\n<meta property=\"og:description\" content=\"Med hunden till M\u00f6n \u00d6n M\u00f6n \u00e4r perfekt f\u00f6r en semester med hunden. Vi har m\u00e5nga semesterhus i denna semesterregion med husdjurstillst\u00e5nd i programmet, som till\u00e5ter och \u00e4r utrustade f\u00f6r att ta emot en hund. M\u00f6ns strand erbjuder tillr\u00e4ckligt med utrymme f\u00f6r din fyrbenta v\u00e4n. Semesterhus p\u00e5 Mon du med hund Boende p\u00e5 Mon med [&hellip;]\" \/>\n<meta property=\"og:url\" content=\"https:\/\/www.insel-moen.de\/sv\/semesterhus-pa-on-mon\/semesterhus-pa-mon-med-hund\/\" \/>\n<meta property=\"og:site_name\" content=\"Insel M\u00f6n\" \/>\n<meta property=\"article:modified_time\" content=\"2022-08-20T06:29:40+00:00\" \/>\n<meta property=\"og:image\" content=\"https:\/\/www.insel-moen.de\/wp-content\/uploads\/2019\/06\/L\u00f8kken_32275-large.jpg\" \/>\n\t<meta property=\"og:image:width\" content=\"1920\" \/>\n\t<meta property=\"og:image:height\" content=\"1281\" \/>\n\t<meta property=\"og:image:type\" content=\"image\/jpeg\" \/>\n<meta name=\"twitter:card\" content=\"summary_large_image\" \/>\n<meta name=\"twitter:label1\" content=\"Ber\u00e4knad l\u00e4stid\" \/>\n\t<meta name=\"twitter:data1\" content=\"2 minuter\" \/>\n<script type=\"application\/ld+json\" class=\"yoast-schema-graph\">{\"@context\":\"https:\/\/schema.org\",\"@graph\":[{\"@type\":\"WebPage\",\"@id\":\"https:\/\/www.insel-moen.de\/sv\/semesterhus-pa-on-mon\/semesterhus-pa-mon-med-hund\/\",\"url\":\"https:\/\/www.insel-moen.de\/sv\/semesterhus-pa-on-mon\/semesterhus-pa-mon-med-hund\/\",\"name\":\"Semesterhus p\u00e5 Mon med hund - Insel M\u00f6n\",\"isPartOf\":{\"@id\":\"https:\/\/www.insel-moen.de\/sv\/#website\"},\"primaryImageOfPage\":{\"@id\":\"https:\/\/www.insel-moen.de\/sv\/semesterhus-pa-on-mon\/semesterhus-pa-mon-med-hund\/#primaryimage\"},\"image\":{\"@id\":\"https:\/\/www.insel-moen.de\/sv\/semesterhus-pa-on-mon\/semesterhus-pa-mon-med-hund\/#primaryimage\"},\"thumbnailUrl\":\"https:\/\/www.insel-moen.de\/wp-content\/uploads\/2019\/06\/L\u00f8kken_32275-large.jpg\",\"datePublished\":\"2022-08-20T06:29:39+00:00\",\"dateModified\":\"2022-08-20T06:29:40+00:00\",\"breadcrumb\":{\"@id\":\"https:\/\/www.insel-moen.de\/sv\/semesterhus-pa-on-mon\/semesterhus-pa-mon-med-hund\/#breadcrumb\"},\"inLanguage\":\"sv-SE\",\"potentialAction\":[{\"@type\":\"ReadAction\",\"target\":[\"https:\/\/www.insel-moen.de\/sv\/semesterhus-pa-on-mon\/semesterhus-pa-mon-med-hund\/\"]}]},{\"@type\":\"ImageObject\",\"inLanguage\":\"sv-SE\",\"@id\":\"https:\/\/www.insel-moen.de\/sv\/semesterhus-pa-on-mon\/semesterhus-pa-mon-med-hund\/#primaryimage\",\"url\":\"https:\/\/www.insel-moen.de\/wp-content\/uploads\/2019\/06\/L\u00f8kken_32275-large.jpg\",\"contentUrl\":\"https:\/\/www.insel-moen.de\/wp-content\/uploads\/2019\/06\/L\u00f8kken_32275-large.jpg\",\"width\":1920,\"height\":1281},{\"@type\":\"BreadcrumbList\",\"@id\":\"https:\/\/www.insel-moen.de\/sv\/semesterhus-pa-on-mon\/semesterhus-pa-mon-med-hund\/#breadcrumb\",\"itemListElement\":[{\"@type\":\"ListItem\",\"position\":1,\"name\":\"Startseite\",\"item\":\"https:\/\/www.insel-moen.de\/sv\/\"},{\"@type\":\"ListItem\",\"position\":2,\"name\":\"Semesterhus p\u00e5 \u00f6n M\u00f6n\",\"item\":\"https:\/\/www.insel-moen.de\/sv\/semesterhus-pa-on-mon\/\"},{\"@type\":\"ListItem\",\"position\":3,\"name\":\"Semesterhus p\u00e5 Mon med hund\"}]},{\"@type\":\"WebSite\",\"@id\":\"https:\/\/www.insel-moen.de\/sv\/#website\",\"url\":\"https:\/\/www.insel-moen.de\/sv\/\",\"name\":\"Insel M\u00f6n\",\"description\":\"INSEL M\u00d6N - Urlaub in der D\u00e4nischen S\u00fcdsee\",\"publisher\":{\"@id\":\"https:\/\/www.insel-moen.de\/sv\/#organization\"},\"potentialAction\":[{\"@type\":\"SearchAction\",\"target\":{\"@type\":\"EntryPoint\",\"urlTemplate\":\"https:\/\/www.insel-moen.de\/sv\/?s={search_term_string}\"},\"query-input\":{\"@type\":\"PropertyValueSpecification\",\"valueRequired\":true,\"valueName\":\"search_term_string\"}}],\"inLanguage\":\"sv-SE\"},{\"@type\":\"Organization\",\"@id\":\"https:\/\/www.insel-moen.de\/sv\/#organization\",\"name\":\"www.insel-moen.de\",\"url\":\"https:\/\/www.insel-moen.de\/sv\/\",\"logo\":{\"@type\":\"ImageObject\",\"inLanguage\":\"sv-SE\",\"@id\":\"https:\/\/www.insel-moen.de\/sv\/#\/schema\/logo\/image\/\",\"url\":\"https:\/\/www.insel-moen.de\/wp-content\/uploads\/2023\/08\/cropped-daenemark-logo-neu-klein.png\",\"contentUrl\":\"https:\/\/www.insel-moen.de\/wp-content\/uploads\/2023\/08\/cropped-daenemark-logo-neu-klein.png\",\"width\":100,\"height\":101,\"caption\":\"www.insel-moen.de\"},\"image\":{\"@id\":\"https:\/\/www.insel-moen.de\/sv\/#\/schema\/logo\/image\/\"}}]}<\/script>\n<!-- \/ Yoast SEO plugin. -->","yoast_head_json":{"title":"Semesterhus p\u00e5 Mon med hund - Insel M\u00f6n","robots":{"index":"index","follow":"follow","max-snippet":"max-snippet:-1","max-image-preview":"max-image-preview:large","max-video-preview":"max-video-preview:-1"},"canonical":"https:\/\/www.insel-moen.de\/sv\/semesterhus-pa-on-mon\/semesterhus-pa-mon-med-hund\/","og_locale":"sv_SE","og_type":"article","og_title":"Semesterhus p\u00e5 Mon med hund - Insel M\u00f6n","og_description":"Med hunden till M\u00f6n \u00d6n M\u00f6n \u00e4r perfekt f\u00f6r en semester med hunden. Vi har m\u00e5nga semesterhus i denna semesterregion med husdjurstillst\u00e5nd i programmet, som till\u00e5ter och \u00e4r utrustade f\u00f6r att ta emot en hund. M\u00f6ns strand erbjuder tillr\u00e4ckligt med utrymme f\u00f6r din fyrbenta v\u00e4n. Semesterhus p\u00e5 Mon du med hund Boende p\u00e5 Mon med [&hellip;]","og_url":"https:\/\/www.insel-moen.de\/sv\/semesterhus-pa-on-mon\/semesterhus-pa-mon-med-hund\/","og_site_name":"Insel M\u00f6n","article_modified_time":"2022-08-20T06:29:40+00:00","og_image":[{"width":1920,"height":1281,"url":"https:\/\/www.insel-moen.de\/wp-content\/uploads\/2019\/06\/L\u00f8kken_32275-large.jpg","type":"image\/jpeg"}],"twitter_card":"summary_large_image","twitter_misc":{"Ber\u00e4knad l\u00e4stid":"2 minuter"},"schema":{"@context":"https:\/\/schema.org","@graph":[{"@type":"WebPage","@id":"https:\/\/www.insel-moen.de\/sv\/semesterhus-pa-on-mon\/semesterhus-pa-mon-med-hund\/","url":"https:\/\/www.insel-moen.de\/sv\/semesterhus-pa-on-mon\/semesterhus-pa-mon-med-hund\/","name":"Semesterhus p\u00e5 Mon med hund - Insel M\u00f6n","isPartOf":{"@id":"https:\/\/www.insel-moen.de\/sv\/#website"},"primaryImageOfPage":{"@id":"https:\/\/www.insel-moen.de\/sv\/semesterhus-pa-on-mon\/semesterhus-pa-mon-med-hund\/#primaryimage"},"image":{"@id":"https:\/\/www.insel-moen.de\/sv\/semesterhus-pa-on-mon\/semesterhus-pa-mon-med-hund\/#primaryimage"},"thumbnailUrl":"https:\/\/www.insel-moen.de\/wp-content\/uploads\/2019\/06\/L\u00f8kken_32275-large.jpg","datePublished":"2022-08-20T06:29:39+00:00","dateModified":"2022-08-20T06:29:40+00:00","breadcrumb":{"@id":"https:\/\/www.insel-moen.de\/sv\/semesterhus-pa-on-mon\/semesterhus-pa-mon-med-hund\/#breadcrumb"},"inLanguage":"sv-SE","potentialAction":[{"@type":"ReadAction","target":["https:\/\/www.insel-moen.de\/sv\/semesterhus-pa-on-mon\/semesterhus-pa-mon-med-hund\/"]}]},{"@type":"ImageObject","inLanguage":"sv-SE","@id":"https:\/\/www.insel-moen.de\/sv\/semesterhus-pa-on-mon\/semesterhus-pa-mon-med-hund\/#primaryimage","url":"https:\/\/www.insel-moen.de\/wp-content\/uploads\/2019\/06\/L\u00f8kken_32275-large.jpg","contentUrl":"https:\/\/www.insel-moen.de\/wp-content\/uploads\/2019\/06\/L\u00f8kken_32275-large.jpg","width":1920,"height":1281},{"@type":"BreadcrumbList","@id":"https:\/\/www.insel-moen.de\/sv\/semesterhus-pa-on-mon\/semesterhus-pa-mon-med-hund\/#breadcrumb","itemListElement":[{"@type":"ListItem","position":1,"name":"Startseite","item":"https:\/\/www.insel-moen.de\/sv\/"},{"@type":"ListItem","position":2,"name":"Semesterhus p\u00e5 \u00f6n M\u00f6n","item":"https:\/\/www.insel-moen.de\/sv\/semesterhus-pa-on-mon\/"},{"@type":"ListItem","position":3,"name":"Semesterhus p\u00e5 Mon med hund"}]},{"@type":"WebSite","@id":"https:\/\/www.insel-moen.de\/sv\/#website","url":"https:\/\/www.insel-moen.de\/sv\/","name":"Insel M\u00f6n","description":"INSEL M\u00d6N - Urlaub in der D\u00e4nischen S\u00fcdsee","publisher":{"@id":"https:\/\/www.insel-moen.de\/sv\/#organization"},"potentialAction":[{"@type":"SearchAction","target":{"@type":"EntryPoint","urlTemplate":"https:\/\/www.insel-moen.de\/sv\/?s={search_term_string}"},"query-input":{"@type":"PropertyValueSpecification","valueRequired":true,"valueName":"search_term_string"}}],"inLanguage":"sv-SE"},{"@type":"Organization","@id":"https:\/\/www.insel-moen.de\/sv\/#organization","name":"www.insel-moen.de","url":"https:\/\/www.insel-moen.de\/sv\/","logo":{"@type":"ImageObject","inLanguage":"sv-SE","@id":"https:\/\/www.insel-moen.de\/sv\/#\/schema\/logo\/image\/","url":"https:\/\/www.insel-moen.de\/wp-content\/uploads\/2023\/08\/cropped-daenemark-logo-neu-klein.png","contentUrl":"https:\/\/www.insel-moen.de\/wp-content\/uploads\/2023\/08\/cropped-daenemark-logo-neu-klein.png","width":100,"height":101,"caption":"www.insel-moen.de"},"image":{"@id":"https:\/\/www.insel-moen.de\/sv\/#\/schema\/logo\/image\/"}}]}},"_links":{"self":[{"href":"https:\/\/www.insel-moen.de\/sv\/wp-json\/wp\/v2\/pages\/959","targetHints":{"allow":["GET"]}}],"collection":[{"href":"https:\/\/www.insel-moen.de\/sv\/wp-json\/wp\/v2\/pages"}],"about":[{"href":"https:\/\/www.insel-moen.de\/sv\/wp-json\/wp\/v2\/types\/page"}],"author":[{"embeddable":true,"href":"https:\/\/www.insel-moen.de\/sv\/wp-json\/wp\/v2\/users\/3"}],"replies":[{"embeddable":true,"href":"https:\/\/www.insel-moen.de\/sv\/wp-json\/wp\/v2\/comments?post=959"}],"version-history":[{"count":1,"href":"https:\/\/www.insel-moen.de\/sv\/wp-json\/wp\/v2\/pages\/959\/revisions"}],"predecessor-version":[{"id":961,"href":"https:\/\/www.insel-moen.de\/sv\/wp-json\/wp\/v2\/pages\/959\/revisions\/961"}],"up":[{"embeddable":true,"href":"https:\/\/www.insel-moen.de\/sv\/wp-json\/wp\/v2\/pages\/960"}],"wp:featuredmedia":[{"embeddable":true,"href":"https:\/\/www.insel-moen.de\/sv\/wp-json\/wp\/v2\/media\/923"}],"wp:attachment":[{"href":"https:\/\/www.insel-moen.de\/sv\/wp-json\/wp\/v2\/media?parent=959"}],"curies":[{"name":"wp","href":"https:\/\/api.w.org\/{rel}","templated":true}]}}