{"id":8537,"date":"2024-05-16T09:12:41","date_gmt":"2024-05-16T09:12:41","guid":{"rendered":"https:\/\/www.insel-moen.de\/domy-wakacyjne-na-wyspie-moen\/dom-wakacyjny-na-moen-z-psem\/"},"modified":"2024-05-16T09:12:42","modified_gmt":"2024-05-16T09:12:42","slug":"dom-wakacyjny-na-moen-z-psem","status":"publish","type":"page","link":"https:\/\/www.insel-moen.de\/pl\/domy-wakacyjne-na-wyspie-moen\/dom-wakacyjny-na-moen-z-psem\/","title":{"rendered":"Dom wakacyjny na M\u00f6n z psem"},"content":{"rendered":"<div style=\"width: 100%\" id=\"c24pp-holidayhome-iframe\" data-q=\"M\u00f8n\" region_id=\"71\" data-animals_maximum_min=\"1\"><\/div>\n<p><script src=\"https:\/\/files.check24.net\/widgets\/auto\/124552\/c24pp-holidayhome-iframe\/holidayhome-iframe.js\"><\/script><\/p>\n\n<h2 class=\"wp-block-heading\">Z psem do M\u00f6n<\/h2>\n\n<p>  Wyspa M\u00f6n jest idealna na wakacje z psem. Mamy wiele dom\u00f3w wakacyjnych w tym regionie wakacyjnym z pozwoleniem na zwierz\u0119ta w naszym programie, kt\u00f3re pozwalaj\u0105 zabra\u0107 ze sob\u0105 psa i s\u0105 do tego przystosowane. Pla\u017ca w M\u00f6n oferuje czworono\u017cnemu przyjacielowi mn\u00f3stwo ruchu.  <\/p>\n\n<h2 class=\"wp-block-heading\"><strong>Domki wakacyjne na M\u00f6n z psem<\/strong><\/h2>\n\n<h3 class=\"wp-block-heading\">Zakwaterowanie na M\u00f6n z psem dozwolone &#8211; bez dodatkowych op\u0142at.<br\/><\/h3>\n\n<p>Czas wakacji to czas rodzinny, a Tw\u00f3j zwierzak jest wa\u017cnym cz\u0142onkiem rodziny! Podobnie jak jego &#8220;ludzie&#8221;, pies lubi d\u0142ugie spacery, przytulne chwile zabawy, relaksuj\u0105ce godziny w cieniu lub &#8220;sporty wodne&#8221; na pla\u017cy. Jest to cz\u0119\u015b\u0107 wizerunku harmonijnych rodzinnych wakacji.<\/p>\n\n<p>W Atraveo mo\u017cesz zabra\u0107 ze sob\u0105 swojego zwierzaka do wielu dom\u00f3w wakacyjnych. Je\u015bli szukasz domu wakacyjnego, w kt\u00f3rym mo\u017ce przebywa\u0107 Tw\u00f3j pies, wystarczy, \u017ce wybierzesz kryterium wyszukiwania &#8220;Zwierz\u0119ta dozwolone&#8221; i zaznaczysz je jako &#8220;Tak&#8221;. Nast\u0119pnie otrzymujesz wszystkie domy wakacyjne, kt\u00f3re przyjm\u0105 czworono\u017cnych wczasowicz\u00f3w.<br\/><\/p>\n\n<h3 class=\"wp-block-heading\"><strong>Posiadanie psa na wakacjach w kabinie jest \u0142atwe i wygodne<\/strong><\/h3>\n\n<p>Obie kategorie dom\u00f3w pozwalaj\u0105 na max. 2 zwierz\u0119ta z gatunk\u00f3w: pies, kot, kr\u00f3lik, \u015bwinka morska, chomik i \u017c\u00f3\u0142w. Na przyk\u0142ad, je\u015bli zabierasz psa do domu wakacyjnego, nie musisz martwi\u0107 si\u0119 o dodatkowe koszty sprz\u0105tania. Zabranie psa ze sob\u0105 do domu wakacyjnego Novasol jest ca\u0142kowicie bezp\u0142atne. Pami\u0119taj, aby umy\u0107 psa i wyczy\u015bci\u0107 go jak zwykle, gdy wychodzisz. Oczywi\u015bcie mo\u017cna r\u00f3wnie\u017c zdecydowa\u0107 si\u0119 na ko\u0144cowe sprz\u0105tanie, w kt\u00f3rym to przypadku wjedziemy do chaty z odkurzaczem.<br\/><\/p>\n\n<h3 class=\"wp-block-heading\"><strong>Podczas rezerwacji domu wakacyjnego na M\u00f6n zawsze zaleca si\u0119 podanie informacji, czy przyje\u017cd\u017casz ze zwierz\u0119tami.<\/strong><\/h3>\n\n<p><strong>We wszystkich domach wakacyjnych oznaczonych symbolem psa, wszyscy czworono\u017cni wczasowicze s\u0105 mile widziani w M\u00f6n.<\/strong><\/p>\n\n<p>Mo\u017cna u\u017cy\u0107 maks. W obiekcie mog\u0105 przebywa\u0107 2 zwierz\u0119ta, o ile nie okre\u015blono inaczej.<\/p>\n\n<p>Wi\u0119cej informacji na temat zasad podr\u00f3\u017cowania z psem na \u0142onie natury mo\u017cna znale\u017a\u0107 na stronie Forest and Nature Agency.<br\/><\/p>\n\n<h3 class=\"wp-block-heading\">Psie lasy w Danii<\/h3>\n\n<p><\/p>\n\n<p>W Danii znajduje si\u0119 wiele las\u00f3w, po kt\u00f3rych nale\u017cy porusza\u0107 si\u0119 z psem bez smyczy. Przegl\u0105d las\u00f3w w Danii mo\u017cna znale\u017a\u0107 na tej stronie:  <\/p>\n\n<p><a href=\"http:\/\/www.naturstyrelsen.dk\/Udgivelser\/Foldere\/Hunde\/hund.htm\">http:\/\/www.naturstyrelsen.dk\/Udgivelser\/Foldere\/Hunde\/hund.htm<\/a><\/p>\n\n<figure class=\"wp-block-embed\"><div class=\"wp-block-embed__wrapper\">\nhttps:\/\/dyr.dk\/hundeskove\n<\/div><\/figure>\n\n<p>P\u0142ywanie w morzu stymuluje kr\u0105\u017cenie i pobudza psa do dzia\u0142ania. Zr\u00f3\u017cnicowany krajobraz wyspy M\u00f6n z M\u00f6ns Klint lub pobliskim parkiem safari oferuje Twojemu psu wiele nowych przyg\u00f3d. Psy s\u0105 r\u00f3wnie\u017c dozwolone na promie do Danii (Rostock-&gt;Gedser na Falster) &#8211; dost\u0119pne s\u0105 miski do picia. Zafunduj sobie i swojemu psu wakacje na du\u0144skiej wyspie M\u00f6n. Polecamy Ulvshale, Bog\u00f6 lub stolic\u0119 wyspy Stege.  <\/p>\n","protected":false},"excerpt":{"rendered":"<p>Z psem do M\u00f6n Wyspa M\u00f6n jest idealna na wakacje z psem. Mamy wiele dom\u00f3w wakacyjnych w tym regionie wakacyjnym z pozwoleniem na zwierz\u0119ta w naszym programie, kt\u00f3re pozwalaj\u0105 zabra\u0107 ze sob\u0105 psa i s\u0105 do tego przystosowane. Pla\u017ca w M\u00f6n oferuje czworono\u017cnemu przyjacielowi mn\u00f3stwo ruchu. Domki wakacyjne na M\u00f6n z psem Zakwaterowanie na M\u00f6n [&hellip;]<\/p>\n","protected":false},"author":3,"featured_media":8540,"parent":8486,"menu_order":0,"comment_status":"closed","ping_status":"open","template":"","meta":{"footnotes":""},"class_list":["post-8537","page","type-page","status-publish","has-post-thumbnail","hentry"],"yoast_head":"<!-- This site is optimized with the Yoast SEO plugin v24.5 - https:\/\/yoast.com\/wordpress\/plugins\/seo\/ -->\n<title>Dom wakacyjny na M\u00f6n z psem - Insel M\u00f6n<\/title>\n<meta name=\"robots\" content=\"index, follow, max-snippet:-1, max-image-preview:large, max-video-preview:-1\" \/>\n<link rel=\"canonical\" href=\"https:\/\/www.insel-moen.de\/pl\/domy-wakacyjne-na-wyspie-moen\/dom-wakacyjny-na-moen-z-psem\/\" \/>\n<meta property=\"og:locale\" content=\"pl_PL\" \/>\n<meta property=\"og:type\" content=\"article\" \/>\n<meta property=\"og:title\" content=\"Dom wakacyjny na M\u00f6n z psem - Insel M\u00f6n\" \/>\n<meta property=\"og:description\" content=\"Z psem do M\u00f6n Wyspa M\u00f6n jest idealna na wakacje z psem. Mamy wiele dom\u00f3w wakacyjnych w tym regionie wakacyjnym z pozwoleniem na zwierz\u0119ta w naszym programie, kt\u00f3re pozwalaj\u0105 zabra\u0107 ze sob\u0105 psa i s\u0105 do tego przystosowane. Pla\u017ca w M\u00f6n oferuje czworono\u017cnemu przyjacielowi mn\u00f3stwo ruchu. Domki wakacyjne na M\u00f6n z psem Zakwaterowanie na M\u00f6n [&hellip;]\" \/>\n<meta property=\"og:url\" content=\"https:\/\/www.insel-moen.de\/pl\/domy-wakacyjne-na-wyspie-moen\/dom-wakacyjny-na-moen-z-psem\/\" \/>\n<meta property=\"og:site_name\" content=\"Insel M\u00f6n\" \/>\n<meta property=\"article:modified_time\" content=\"2024-05-16T09:12:42+00:00\" \/>\n<meta property=\"og:image\" content=\"https:\/\/www.insel-moen.de\/wp-content\/uploads\/2019\/06\/L\u00f8kken_32275-large.jpg\" \/>\n\t<meta property=\"og:image:width\" content=\"1920\" \/>\n\t<meta property=\"og:image:height\" content=\"1281\" \/>\n\t<meta property=\"og:image:type\" content=\"image\/jpeg\" \/>\n<meta name=\"twitter:card\" content=\"summary_large_image\" \/>\n<meta name=\"twitter:label1\" content=\"Szacowany czas czytania\" \/>\n\t<meta name=\"twitter:data1\" content=\"2 minuty\" \/>\n<script type=\"application\/ld+json\" class=\"yoast-schema-graph\">{\"@context\":\"https:\/\/schema.org\",\"@graph\":[{\"@type\":\"WebPage\",\"@id\":\"https:\/\/www.insel-moen.de\/pl\/domy-wakacyjne-na-wyspie-moen\/dom-wakacyjny-na-moen-z-psem\/\",\"url\":\"https:\/\/www.insel-moen.de\/pl\/domy-wakacyjne-na-wyspie-moen\/dom-wakacyjny-na-moen-z-psem\/\",\"name\":\"Dom wakacyjny na M\u00f6n z psem - Insel M\u00f6n\",\"isPartOf\":{\"@id\":\"https:\/\/www.insel-moen.de\/pl\/#website\"},\"primaryImageOfPage\":{\"@id\":\"https:\/\/www.insel-moen.de\/pl\/domy-wakacyjne-na-wyspie-moen\/dom-wakacyjny-na-moen-z-psem\/#primaryimage\"},\"image\":{\"@id\":\"https:\/\/www.insel-moen.de\/pl\/domy-wakacyjne-na-wyspie-moen\/dom-wakacyjny-na-moen-z-psem\/#primaryimage\"},\"thumbnailUrl\":\"https:\/\/www.insel-moen.de\/wp-content\/uploads\/2019\/06\/L\u00f8kken_32275-large.jpg\",\"datePublished\":\"2024-05-16T09:12:41+00:00\",\"dateModified\":\"2024-05-16T09:12:42+00:00\",\"breadcrumb\":{\"@id\":\"https:\/\/www.insel-moen.de\/pl\/domy-wakacyjne-na-wyspie-moen\/dom-wakacyjny-na-moen-z-psem\/#breadcrumb\"},\"inLanguage\":\"pl-PL\",\"potentialAction\":[{\"@type\":\"ReadAction\",\"target\":[\"https:\/\/www.insel-moen.de\/pl\/domy-wakacyjne-na-wyspie-moen\/dom-wakacyjny-na-moen-z-psem\/\"]}]},{\"@type\":\"ImageObject\",\"inLanguage\":\"pl-PL\",\"@id\":\"https:\/\/www.insel-moen.de\/pl\/domy-wakacyjne-na-wyspie-moen\/dom-wakacyjny-na-moen-z-psem\/#primaryimage\",\"url\":\"https:\/\/www.insel-moen.de\/wp-content\/uploads\/2019\/06\/L\u00f8kken_32275-large.jpg\",\"contentUrl\":\"https:\/\/www.insel-moen.de\/wp-content\/uploads\/2019\/06\/L\u00f8kken_32275-large.jpg\",\"width\":1920,\"height\":1281},{\"@type\":\"BreadcrumbList\",\"@id\":\"https:\/\/www.insel-moen.de\/pl\/domy-wakacyjne-na-wyspie-moen\/dom-wakacyjny-na-moen-z-psem\/#breadcrumb\",\"itemListElement\":[{\"@type\":\"ListItem\",\"position\":1,\"name\":\"Startseite\",\"item\":\"https:\/\/www.insel-moen.de\/pl\/witamy-na-wyspie-moen\/\"},{\"@type\":\"ListItem\",\"position\":2,\"name\":\"Domy wakacyjne na wyspie M\u00f6n\",\"item\":\"https:\/\/www.insel-moen.de\/pl\/domy-wakacyjne-na-wyspie-moen\/\"},{\"@type\":\"ListItem\",\"position\":3,\"name\":\"Dom wakacyjny na M\u00f6n z psem\"}]},{\"@type\":\"WebSite\",\"@id\":\"https:\/\/www.insel-moen.de\/pl\/#website\",\"url\":\"https:\/\/www.insel-moen.de\/pl\/\",\"name\":\"Insel M\u00f6n\",\"description\":\"INSEL M\u00d6N - Urlaub in der D\u00e4nischen S\u00fcdsee\",\"publisher\":{\"@id\":\"https:\/\/www.insel-moen.de\/pl\/#organization\"},\"potentialAction\":[{\"@type\":\"SearchAction\",\"target\":{\"@type\":\"EntryPoint\",\"urlTemplate\":\"https:\/\/www.insel-moen.de\/pl\/?s={search_term_string}\"},\"query-input\":{\"@type\":\"PropertyValueSpecification\",\"valueRequired\":true,\"valueName\":\"search_term_string\"}}],\"inLanguage\":\"pl-PL\"},{\"@type\":\"Organization\",\"@id\":\"https:\/\/www.insel-moen.de\/pl\/#organization\",\"name\":\"www.insel-moen.de\",\"url\":\"https:\/\/www.insel-moen.de\/pl\/\",\"logo\":{\"@type\":\"ImageObject\",\"inLanguage\":\"pl-PL\",\"@id\":\"https:\/\/www.insel-moen.de\/pl\/#\/schema\/logo\/image\/\",\"url\":\"https:\/\/www.insel-moen.de\/wp-content\/uploads\/2023\/08\/cropped-daenemark-logo-neu-klein.png\",\"contentUrl\":\"https:\/\/www.insel-moen.de\/wp-content\/uploads\/2023\/08\/cropped-daenemark-logo-neu-klein.png\",\"width\":100,\"height\":101,\"caption\":\"www.insel-moen.de\"},\"image\":{\"@id\":\"https:\/\/www.insel-moen.de\/pl\/#\/schema\/logo\/image\/\"}}]}<\/script>\n<!-- \/ Yoast SEO plugin. -->","yoast_head_json":{"title":"Dom wakacyjny na M\u00f6n z psem - Insel M\u00f6n","robots":{"index":"index","follow":"follow","max-snippet":"max-snippet:-1","max-image-preview":"max-image-preview:large","max-video-preview":"max-video-preview:-1"},"canonical":"https:\/\/www.insel-moen.de\/pl\/domy-wakacyjne-na-wyspie-moen\/dom-wakacyjny-na-moen-z-psem\/","og_locale":"pl_PL","og_type":"article","og_title":"Dom wakacyjny na M\u00f6n z psem - Insel M\u00f6n","og_description":"Z psem do M\u00f6n Wyspa M\u00f6n jest idealna na wakacje z psem. Mamy wiele dom\u00f3w wakacyjnych w tym regionie wakacyjnym z pozwoleniem na zwierz\u0119ta w naszym programie, kt\u00f3re pozwalaj\u0105 zabra\u0107 ze sob\u0105 psa i s\u0105 do tego przystosowane. Pla\u017ca w M\u00f6n oferuje czworono\u017cnemu przyjacielowi mn\u00f3stwo ruchu. Domki wakacyjne na M\u00f6n z psem Zakwaterowanie na M\u00f6n [&hellip;]","og_url":"https:\/\/www.insel-moen.de\/pl\/domy-wakacyjne-na-wyspie-moen\/dom-wakacyjny-na-moen-z-psem\/","og_site_name":"Insel M\u00f6n","article_modified_time":"2024-05-16T09:12:42+00:00","og_image":[{"width":1920,"height":1281,"url":"https:\/\/www.insel-moen.de\/wp-content\/uploads\/2019\/06\/L\u00f8kken_32275-large.jpg","type":"image\/jpeg"}],"twitter_card":"summary_large_image","twitter_misc":{"Szacowany czas czytania":"2 minuty"},"schema":{"@context":"https:\/\/schema.org","@graph":[{"@type":"WebPage","@id":"https:\/\/www.insel-moen.de\/pl\/domy-wakacyjne-na-wyspie-moen\/dom-wakacyjny-na-moen-z-psem\/","url":"https:\/\/www.insel-moen.de\/pl\/domy-wakacyjne-na-wyspie-moen\/dom-wakacyjny-na-moen-z-psem\/","name":"Dom wakacyjny na M\u00f6n z psem - Insel M\u00f6n","isPartOf":{"@id":"https:\/\/www.insel-moen.de\/pl\/#website"},"primaryImageOfPage":{"@id":"https:\/\/www.insel-moen.de\/pl\/domy-wakacyjne-na-wyspie-moen\/dom-wakacyjny-na-moen-z-psem\/#primaryimage"},"image":{"@id":"https:\/\/www.insel-moen.de\/pl\/domy-wakacyjne-na-wyspie-moen\/dom-wakacyjny-na-moen-z-psem\/#primaryimage"},"thumbnailUrl":"https:\/\/www.insel-moen.de\/wp-content\/uploads\/2019\/06\/L\u00f8kken_32275-large.jpg","datePublished":"2024-05-16T09:12:41+00:00","dateModified":"2024-05-16T09:12:42+00:00","breadcrumb":{"@id":"https:\/\/www.insel-moen.de\/pl\/domy-wakacyjne-na-wyspie-moen\/dom-wakacyjny-na-moen-z-psem\/#breadcrumb"},"inLanguage":"pl-PL","potentialAction":[{"@type":"ReadAction","target":["https:\/\/www.insel-moen.de\/pl\/domy-wakacyjne-na-wyspie-moen\/dom-wakacyjny-na-moen-z-psem\/"]}]},{"@type":"ImageObject","inLanguage":"pl-PL","@id":"https:\/\/www.insel-moen.de\/pl\/domy-wakacyjne-na-wyspie-moen\/dom-wakacyjny-na-moen-z-psem\/#primaryimage","url":"https:\/\/www.insel-moen.de\/wp-content\/uploads\/2019\/06\/L\u00f8kken_32275-large.jpg","contentUrl":"https:\/\/www.insel-moen.de\/wp-content\/uploads\/2019\/06\/L\u00f8kken_32275-large.jpg","width":1920,"height":1281},{"@type":"BreadcrumbList","@id":"https:\/\/www.insel-moen.de\/pl\/domy-wakacyjne-na-wyspie-moen\/dom-wakacyjny-na-moen-z-psem\/#breadcrumb","itemListElement":[{"@type":"ListItem","position":1,"name":"Startseite","item":"https:\/\/www.insel-moen.de\/pl\/witamy-na-wyspie-moen\/"},{"@type":"ListItem","position":2,"name":"Domy wakacyjne na wyspie M\u00f6n","item":"https:\/\/www.insel-moen.de\/pl\/domy-wakacyjne-na-wyspie-moen\/"},{"@type":"ListItem","position":3,"name":"Dom wakacyjny na M\u00f6n z psem"}]},{"@type":"WebSite","@id":"https:\/\/www.insel-moen.de\/pl\/#website","url":"https:\/\/www.insel-moen.de\/pl\/","name":"Insel M\u00f6n","description":"INSEL M\u00d6N - Urlaub in der D\u00e4nischen S\u00fcdsee","publisher":{"@id":"https:\/\/www.insel-moen.de\/pl\/#organization"},"potentialAction":[{"@type":"SearchAction","target":{"@type":"EntryPoint","urlTemplate":"https:\/\/www.insel-moen.de\/pl\/?s={search_term_string}"},"query-input":{"@type":"PropertyValueSpecification","valueRequired":true,"valueName":"search_term_string"}}],"inLanguage":"pl-PL"},{"@type":"Organization","@id":"https:\/\/www.insel-moen.de\/pl\/#organization","name":"www.insel-moen.de","url":"https:\/\/www.insel-moen.de\/pl\/","logo":{"@type":"ImageObject","inLanguage":"pl-PL","@id":"https:\/\/www.insel-moen.de\/pl\/#\/schema\/logo\/image\/","url":"https:\/\/www.insel-moen.de\/wp-content\/uploads\/2023\/08\/cropped-daenemark-logo-neu-klein.png","contentUrl":"https:\/\/www.insel-moen.de\/wp-content\/uploads\/2023\/08\/cropped-daenemark-logo-neu-klein.png","width":100,"height":101,"caption":"www.insel-moen.de"},"image":{"@id":"https:\/\/www.insel-moen.de\/pl\/#\/schema\/logo\/image\/"}}]}},"_links":{"self":[{"href":"https:\/\/www.insel-moen.de\/pl\/wp-json\/wp\/v2\/pages\/8537","targetHints":{"allow":["GET"]}}],"collection":[{"href":"https:\/\/www.insel-moen.de\/pl\/wp-json\/wp\/v2\/pages"}],"about":[{"href":"https:\/\/www.insel-moen.de\/pl\/wp-json\/wp\/v2\/types\/page"}],"author":[{"embeddable":true,"href":"https:\/\/www.insel-moen.de\/pl\/wp-json\/wp\/v2\/users\/3"}],"replies":[{"embeddable":true,"href":"https:\/\/www.insel-moen.de\/pl\/wp-json\/wp\/v2\/comments?post=8537"}],"version-history":[{"count":1,"href":"https:\/\/www.insel-moen.de\/pl\/wp-json\/wp\/v2\/pages\/8537\/revisions"}],"predecessor-version":[{"id":8543,"href":"https:\/\/www.insel-moen.de\/pl\/wp-json\/wp\/v2\/pages\/8537\/revisions\/8543"}],"up":[{"embeddable":true,"href":"https:\/\/www.insel-moen.de\/pl\/wp-json\/wp\/v2\/pages\/8486"}],"wp:featuredmedia":[{"embeddable":true,"href":"https:\/\/www.insel-moen.de\/pl\/wp-json\/wp\/v2\/media\/8540"}],"wp:attachment":[{"href":"https:\/\/www.insel-moen.de\/pl\/wp-json\/wp\/v2\/media?parent=8537"}],"curies":[{"name":"wp","href":"https:\/\/api.w.org\/{rel}","templated":true}]}}