{"id":8060,"date":"2024-05-16T08:16:37","date_gmt":"2024-05-16T08:16:37","guid":{"rendered":"https:\/\/www.insel-moen.de\/odkryj-nyord-idylle-miedzy-moen-i-zelandia\/"},"modified":"2024-05-25T08:59:53","modified_gmt":"2024-05-25T08:59:53","slug":"odkryj-nyord-idylle-miedzy-moen-i-zelandia","status":"publish","type":"page","link":"https:\/\/www.insel-moen.de\/pl\/odkryj-nyord-idylle-miedzy-moen-i-zelandia\/","title":{"rendered":"Odkryj Nyord: idyll\u0119 mi\u0119dzy M\u00f8n i Zelandi\u0105"},"content":{"rendered":"\n<p>Witamy w Nyord, ma\u0142ym raju po\u0142o\u017conym pomi\u0119dzy M\u00f8n i Zelandi\u0105. Jako cz\u0119\u015b\u0107 pierwszego du\u0144skiego rezerwatu biosfery UNESCO i pierwszego parku ciemnego nieba w Skandynawii, Nyord oferuje rzadkie po\u0142\u0105czenie dziewiczej przyrody i nocnego spokoju, wolnego od zanieczyszczenia \u015bwiat\u0142em. Tutaj, gdzie niebo wci\u0105\u017c robi si\u0119 naprawd\u0119 ciemne, mo\u017cna obserwowa\u0107 gwiazdy jak nigdzie indziej w Danii.<\/p>\n\n<figure class=\"wp-block-embed is-type-video is-provider-youtube wp-block-embed-youtube wp-embed-aspect-16-9 wp-has-aspect-ratio\"><div class=\"wp-block-embed__wrapper\">\n<iframe loading=\"lazy\" title=\"Blick auf die Insel Nyord von der Insel M\u00f6n aus.\" width=\"580\" height=\"326\" src=\"https:\/\/www.youtube.com\/embed\/0tyTkyfx9KI?feature=oembed\" frameborder=\"0\" allow=\"accelerometer; autoplay; clipboard-write; encrypted-media; gyroscope; picture-in-picture; web-share\" referrerpolicy=\"strict-origin-when-cross-origin\" allowfullscreen><\/iframe>\n<\/div><\/figure>\n\n<h2 class=\"wp-block-heading\">Krajobraz Nyord<\/h2>\n\n<p>Nyord rozci\u0105ga si\u0119 na powierzchni zaledwie 5 kilometr\u00f3w kwadratowych z charakterystycznymi wzg\u00f3rzami pokrytymi morenami. Otoczona przez oko\u0142o 400 hektar\u00f3w s\u0142onych bagien, kt\u00f3re zim\u0105 s\u0105 zalewane przez morze, a latem wypasane przez owce i krowy, wyspa oferuje unikalne siedlisko dla r\u00f3\u017cnorodnych ro\u015blin i zwierz\u0105t. Nyord to prawdziwy raj dla mi\u0142o\u015bnik\u00f3w ptak\u00f3w. Z wie\u017cy dla ptak\u00f3w i Centrum Przyrody Hyldevang mo\u017cna podziwia\u0107 zgie\u0142k licznych gatunk\u00f3w ptak\u00f3w, kt\u00f3re tu odpoczywaj\u0105 lub rozmna\u017caj\u0105 si\u0119.<\/p>\n\n<h2 class=\"wp-block-heading\">Wioska Nyord<\/h2>\n\n<figure class=\"wp-block-image size-large\"><a href=\"https:\/\/www.insel-moen.de\/wp-content\/uploads\/2024\/03\/nyord-kirche-1024x683.jpeg\"><img loading=\"lazy\" decoding=\"async\" width=\"1024\" height=\"683\" src=\"https:\/\/www.insel-moen.de\/wp-content\/uploads\/2024\/03\/nyord-kirche-1024x683.jpeg\" alt=\"Zdj&#x119;cie: Wisdom, Nyord Church\" class=\"wp-image-6975\" srcset=\"https:\/\/www.insel-moen.de\/wp-content\/uploads\/2024\/03\/nyord-kirche-1024x683.jpeg 1024w, https:\/\/www.insel-moen.de\/wp-content\/uploads\/2024\/03\/nyord-kirche-300x200.jpeg 300w, https:\/\/www.insel-moen.de\/wp-content\/uploads\/2024\/03\/nyord-kirche-768x512.jpeg 768w, https:\/\/www.insel-moen.de\/wp-content\/uploads\/2024\/03\/nyord-kirche-1536x1024.jpeg 1536w, https:\/\/www.insel-moen.de\/wp-content\/uploads\/2024\/03\/nyord-kirche-810x540.jpeg 810w, https:\/\/www.insel-moen.de\/wp-content\/uploads\/2024\/03\/nyord-kirche-1200x800.jpeg 1200w, https:\/\/www.insel-moen.de\/wp-content\/uploads\/2024\/03\/nyord-kirche.jpeg 1600w\" sizes=\"auto, (max-width: 1024px) 100vw, 1024px\" \/><\/a><\/figure>\n<p>Centralnym punktem wyspy jest wioska &#8220;Nyord By&#8221;, kt\u00f3ra pozosta\u0142a prawie niezmieniona od wiek\u00f3w. Jest to jedna z niewielu wiosek w Danii, kt\u00f3ra zdo\u0142a\u0142a zachowa\u0107 sw\u00f3j rozmiar i plan wsi przed powa\u017cnymi reformami rolnymi w XIX wieku. Spacer w\u0105skimi alejkami pozwala poczu\u0107 histori\u0119 wioski i podziwia\u0107 architektoniczne pi\u0119kno starych gospodarstw i dom\u00f3w.<\/p>\n\n<h2 class=\"wp-block-heading\">Nyord: niebo pe\u0142ne gwiazd<\/h2>\n\n<figure class=\"wp-block-image size-full\"><a href=\"https:\/\/www.insel-moen.de\/wp-content\/uploads\/2024\/03\/sternenbeobachtung-auf-nyord.jpeg\"><img loading=\"lazy\" decoding=\"async\" width=\"1600\" height=\"1073\" src=\"https:\/\/www.insel-moen.de\/wp-content\/uploads\/2024\/03\/sternenbeobachtung-auf-nyord.jpeg\" alt=\"To niesamowicie pi&#x119;kne i podnosz&#x105;ce na duchu, widzie&#x107; r&#xF3;&#x17C;norodno&#x15B;&#x107; gwiazd w spos&#xF3;b, w jaki nigdy wcze&#x15B;niej ich nie widzia&#x142;e&#x15B;.\" class=\"wp-image-6898\" srcset=\"https:\/\/www.insel-moen.de\/wp-content\/uploads\/2024\/03\/sternenbeobachtung-auf-nyord.jpeg 1600w, https:\/\/www.insel-moen.de\/wp-content\/uploads\/2024\/03\/sternenbeobachtung-auf-nyord-300x201.jpeg 300w, https:\/\/www.insel-moen.de\/wp-content\/uploads\/2024\/03\/sternenbeobachtung-auf-nyord-1024x687.jpeg 1024w, https:\/\/www.insel-moen.de\/wp-content\/uploads\/2024\/03\/sternenbeobachtung-auf-nyord-768x515.jpeg 768w, https:\/\/www.insel-moen.de\/wp-content\/uploads\/2024\/03\/sternenbeobachtung-auf-nyord-1536x1030.jpeg 1536w, https:\/\/www.insel-moen.de\/wp-content\/uploads\/2024\/03\/sternenbeobachtung-auf-nyord-810x543.jpeg 810w, https:\/\/www.insel-moen.de\/wp-content\/uploads\/2024\/03\/sternenbeobachtung-auf-nyord-1200x805.jpeg 1200w\" sizes=\"auto, (max-width: 1600px) 100vw, 1600px\" \/><\/a><\/figure>\n<p>Jednym z najbardziej magicznych aspekt\u00f3w Nyord jest niew\u0105tpliwie uznanie go za cz\u0119\u015b\u0107 pierwszego Parku Ciemnego Nieba w Skandynawii. W \u015bwiecie, w kt\u00f3rym sztuczne \u015bwiat\u0142o sprawia, \u017ce noce staj\u0105 si\u0119 coraz ja\u015bniejsze, Nyord oferuje przysta\u0144, w kt\u00f3rej nocne niebo \u015bwieci w ca\u0142ej okaza\u0142o\u015bci. Tutaj, z dala od zanieczyszczenia \u015bwiat\u0142em miast, ujawnia si\u0119 wszech\u015bwiat, kt\u00f3ry pozostaje ukryty dla wielu z nas. Droga Mleczna rozci\u0105ga si\u0119 po niebie niczym \u015bwietlista wst\u0119ga, a spadaj\u0105ce gwiazdy kr\u0105\u017c\u0105 po orbicie, gdy zanurzasz si\u0119 w niesko\u0144czonej przestrzeni kosmosu.<\/p>\n\n<p>Nyord to prawdziwy raj dla mi\u0142o\u015bnik\u00f3w astronomii i ka\u017cdego, kto pragnie odpocz\u0105\u0107 od zgie\u0142ku codziennego \u017cycia.<\/p>\n\n<p>Niezale\u017cnie od tego, czy jeste\u015b do\u015bwiadczonym astronomem, czy po prostu patrzysz w niebo w pogodn\u0105 noc, Nyord oferuje rzadk\u0105 okazj\u0119 do do\u015bwiadczenia pi\u0119kna nocnego nieba. Spakuj wi\u0119c teleskop lub po prostu po\u0142\u00f3\u017c si\u0119 na kocu i pozw\u00f3l swojemu wzrokowi w\u0119drowa\u0107 do gwiazd. Nyord czeka, aby zaprezentowa\u0107 ci jeden z najbardziej spektakularnych naturalnych spektakli \u015bwietlnych, jakie nasz \u015bwiat ma do zaoferowania.<\/p>\n\n<p><a href=\"https:\/\/darkskymoen.dk\/de\">Dowiedz si\u0119 wi\u0119cej o Dark Sky tutaj.<\/a><\/p>\n\n<h2 class=\"wp-block-heading\">Morska historia Nyord<\/h2>\n\n<figure class=\"wp-block-image size-full\"><a href=\"https:\/\/www.insel-moen.de\/wp-content\/uploads\/2024\/03\/hafen-von-nyord.jpeg\"><img loading=\"lazy\" decoding=\"async\" width=\"1600\" height=\"748\" src=\"https:\/\/www.insel-moen.de\/wp-content\/uploads\/2024\/03\/hafen-von-nyord.jpeg\" alt=\"Port w Nyord\" class=\"wp-image-7004\" srcset=\"https:\/\/www.insel-moen.de\/wp-content\/uploads\/2024\/03\/hafen-von-nyord.jpeg 1600w, https:\/\/www.insel-moen.de\/wp-content\/uploads\/2024\/03\/hafen-von-nyord-300x140.jpeg 300w, https:\/\/www.insel-moen.de\/wp-content\/uploads\/2024\/03\/hafen-von-nyord-1024x479.jpeg 1024w, https:\/\/www.insel-moen.de\/wp-content\/uploads\/2024\/03\/hafen-von-nyord-768x359.jpeg 768w, https:\/\/www.insel-moen.de\/wp-content\/uploads\/2024\/03\/hafen-von-nyord-1536x718.jpeg 1536w, https:\/\/www.insel-moen.de\/wp-content\/uploads\/2024\/03\/hafen-von-nyord-810x379.jpeg 810w, https:\/\/www.insel-moen.de\/wp-content\/uploads\/2024\/03\/hafen-von-nyord-1200x561.jpeg 1200w\" sizes=\"auto, (max-width: 1600px) 100vw, 1600px\" \/><\/a><\/figure>\n<p>\u017begluga morska, handel i pilota\u017c od wiek\u00f3w charakteryzowa\u0142y \u017cycie na Nyordzie. Strategiczne po\u0142o\u017cenie wyspy odegra\u0142o wa\u017cn\u0105 rol\u0119 ju\u017c w epoce wiking\u00f3w. Mieszka\u0144cy Nyord byli poszukiwanymi pilotami, kt\u00f3rzy wskazywali statkom drog\u0119 przez zdradliwe wody. Dwa domki pilot\u00f3w i punkt obserwacyjny &#8220;M\u00f8llestangen&#8221; wci\u0105\u017c \u015bwiadcz\u0105 o tych czasach.<\/p>\n\n<h3 class=\"wp-block-heading\">Nowoczesny Nyord: budowa mostu i powr\u00f3t po \u0142odzi<\/h3>\n\n<p>Do 1968 r. Nyord by\u0142 dost\u0119pny tylko \u0142odzi\u0105, a nast\u0119pnie otwarto most Nyord, kt\u00f3ry po\u0142\u0105czy\u0142 wysp\u0119 z l\u0105dem. Szczeg\u00f3lnym wydarzeniem w najnowszej historii by\u0142 powr\u00f3t historycznego statku pocztowego &#8220;R\u00f8ret&#8221;. Po prawie 40 latach w r\u0119kach prywatnych, zosta\u0142 pi\u0119knie odrestaurowany i dzi\u015b wznawia swoj\u0105 pierwotn\u0105 funkcj\u0119 transportu turyst\u00f3w i rower\u00f3w mi\u0119dzy Nyord, Po\u0142udniow\u0105 Zelandi\u0105 i Stege.<\/p>\n\n<h3 class=\"wp-block-heading\">Port w Nyord<\/h3>\n\n<p>Port Nyord, po\u0142o\u017cony w spokojnym i malowniczym krajobrazie wyspy, jest miejscem spokoju i pi\u0119kna. Ten oryginalnie wygl\u0105daj\u0105cy port, po\u0142o\u017cony tu\u017c obok wystawy Nyord i historycznego miejsca festiwalu koni, stanowi serce morskiego \u017cycia na wyspie. Ze swoj\u0105 bogat\u0105 histori\u0105 i bliskim zwi\u0105zkiem z \u017ceglug\u0105 morsk\u0105 i pilota\u017cem, port uosabia dusz\u0119 Nyord i zaprasza odwiedzaj\u0105cych do zanurzenia si\u0119 w \u015bwiecie, kt\u00f3ry pozosta\u0142 prawie nietkni\u0119ty przez czas. Port jest nie tylko kotwicowiskiem dla lokalnej spo\u0142eczno\u015bci i ich \u0142odzi rybackich, ale tak\u017ce popularnym miejscem spotka\u0144 turyst\u00f3w, kt\u00f3rzy chc\u0105 cieszy\u0107 si\u0119 idyllicznym krajobrazem i relaksuj\u0105c\u0105 atmosfer\u0105. Otoczony krytymi strzech\u0105 domkami i widokiem na \u0142agodne fale port Nyord oferuje niezr\u00f3wnany wgl\u0105d w tradycyjne \u017cycie na wyspie i jest obowi\u0105zkowym punktem dla ka\u017cdego odwiedzaj\u0105cego wysp\u0119.<\/p>\n\n<h2 class=\"wp-block-heading\">Handel na Njord<\/h2>\n\n<h3 class=\"wp-block-heading\">Musztarda Nyord: pikantna tradycja prosto z pola do butelki<\/h3>\n\n<div class=\"wp-block-columns is-layout-flex wp-container-core-columns-is-layout-9d6595d7 wp-block-columns-is-layout-flex\">\n<div class=\"wp-block-column is-layout-flow wp-block-column-is-layout-flow\">\n<figure class=\"wp-block-image size-large\"><a href=\"https:\/\/www.insel-moen.de\/wp-content\/uploads\/2024\/03\/nyord-senf-768x1024.jpeg\"><img loading=\"lazy\" decoding=\"async\" width=\"768\" height=\"1024\" src=\"https:\/\/www.insel-moen.de\/wp-content\/uploads\/2024\/03\/nyord-senf-768x1024.jpeg\" alt=\"\" class=\"wp-image-6992\" srcset=\"https:\/\/www.insel-moen.de\/wp-content\/uploads\/2024\/03\/nyord-senf-768x1024.jpeg 768w, https:\/\/www.insel-moen.de\/wp-content\/uploads\/2024\/03\/nyord-senf-225x300.jpeg 225w, https:\/\/www.insel-moen.de\/wp-content\/uploads\/2024\/03\/nyord-senf-1152x1536.jpeg 1152w, https:\/\/www.insel-moen.de\/wp-content\/uploads\/2024\/03\/nyord-senf-810x1080.jpeg 810w, https:\/\/www.insel-moen.de\/wp-content\/uploads\/2024\/03\/nyord-senf.jpeg 1200w\" sizes=\"auto, (max-width: 768px) 100vw, 768px\" \/><\/a><\/figure><\/div>\n\n\n\n<div class=\"wp-block-column is-layout-flow wp-block-column-is-layout-flow\">\n<p>Jedn\u0105 z kulinarnych specjalno\u015bci Nyord jest lokalnie uprawiana musztarda Nyord. Ro\u015bliny gorczycy rozwijaj\u0105 si\u0119 na polach wyspy bez u\u017cycia pestycyd\u00f3w, co jest korzystne nie tylko dla \u015brodowiska, ale tak\u017ce dla jako\u015bci musztardy. Cenne nasiona gorczycy s\u0105 przetwarzane w historycznym m\u0142ynie musztardowym, kt\u00f3ry znajduje si\u0119 na starym placu targowym koni, tu\u017c obok wystawy Nyord.  <\/p>\n\n\n\n<p><\/p>\n<\/div>\n<\/div>\n\n<p>Odwiedzaj\u0105cy maj\u0105 wyj\u0105tkow\u0105 okazj\u0119, aby do\u015bwiadczy\u0107 procesu produkcji z pierwszej r\u0119ki i dowiedzie\u0107 si\u0119 o mi\u0142o\u015bci i trosce, jak\u0105 wk\u0142ada si\u0119 w ka\u017cd\u0105 odmian\u0119 musztardy. W zale\u017cno\u015bci od pory roku mo\u017cna skosztowa\u0107 r\u00f3\u017cnych odmian, kt\u00f3re s\u0105 nast\u0119pnie oferowane do sprzeda\u017cy w pi\u0119knie ukszta\u0142towanych szklanych lub ceramicznych s\u0142oikach. Ta lokalna specjalno\u015b\u0107 nie tylko nadaje ka\u017cdemu daniu wyj\u0105tkowy smak, ale jest tak\u017ce kawa\u0142kiem stylu \u017cycia Nyord, kt\u00f3ry mo\u017cna zabra\u0107 ze sob\u0105 do domu.<\/p>\n\n<p>Pomimo niewielkich rozmiar\u00f3w, handel na Nyordzie kwitnie. Od r\u0119cznie robionych dzie\u0142 sztuki w galeriach po \u015bwie\u017ce lokalne produkty w sklepach, Nyord przyci\u0105ga odwiedzaj\u0105cych, kt\u00f3rzy szukaj\u0105 czego\u015b wyj\u0105tkowego. Kawiarnie i restauracje zach\u0119caj\u0105 do odpoczynku i oferuj\u0105 pyszny wgl\u0105d w regionaln\u0105 kuchni\u0119.<\/p>\n\n<h2 class=\"wp-block-heading\">Wskaz\u00f3wki i zalecenia dotycz\u0105ce Nyord<\/h2>\n\n<p>Nyord wita swoich go\u015bci z otwartymi ramionami, ale prosi o poszanowanie prywatno\u015bci swoich mieszka\u0144c\u00f3w. Korzystaj z pobytu odpowiedzialnie, trzymaj psy na smyczy i nie zostawiaj \u017cadnych \u015bmieci. Istnieje zakwaterowanie na ka\u017cdy gust, od rustykalnych schronisk po przytulne bed &amp; breakfast.<\/p>\n\n<h3 class=\"wp-block-heading\">Nocleg w Nyord<\/h3>\n\n<h3 class=\"wp-block-heading\"><strong>Str\u00e5g\u00e5rden Bed &amp; Breakfast<\/strong><\/h3>\n\n<figure class=\"wp-block-image size-full\"><a href=\"https:\/\/www.insel-moen.de\/wp-content\/uploads\/2024\/03\/stragarden-nyord-bed-breakfast.jpeg\"><img loading=\"lazy\" decoding=\"async\" width=\"1200\" height=\"900\" src=\"https:\/\/www.insel-moen.de\/wp-content\/uploads\/2024\/03\/stragarden-nyord-bed-breakfast.jpeg\" alt=\"\" class=\"wp-image-6938\" srcset=\"https:\/\/www.insel-moen.de\/wp-content\/uploads\/2024\/03\/stragarden-nyord-bed-breakfast.jpeg 1200w, https:\/\/www.insel-moen.de\/wp-content\/uploads\/2024\/03\/stragarden-nyord-bed-breakfast-300x225.jpeg 300w, https:\/\/www.insel-moen.de\/wp-content\/uploads\/2024\/03\/stragarden-nyord-bed-breakfast-1024x768.jpeg 1024w, https:\/\/www.insel-moen.de\/wp-content\/uploads\/2024\/03\/stragarden-nyord-bed-breakfast-768x576.jpeg 768w, https:\/\/www.insel-moen.de\/wp-content\/uploads\/2024\/03\/stragarden-nyord-bed-breakfast-810x608.jpeg 810w\" sizes=\"auto, (max-width: 1200px) 100vw, 1200px\" \/><\/a><\/figure>\n<ul class=\"wp-block-list\">\n<li>Opis: Przytulny Bed &amp; Breakfast z idylliczn\u0105 lokalizacj\u0105 i rodzinn\u0105 atmosfer\u0105.<\/li>\n\n\n\n<li>Strona internetowa: <a href=\"http:\/\/nyordbed.dk\/\">nyordbed.dk<\/a><\/li>\n\n\n\n<li>Telefon: +45 25 77 82 16<\/li>\n<\/ul>\n\n<h3 class=\"wp-block-heading\"><strong>Nyord B&amp;B<\/strong> (Podr\u00f3\u017c w czasie)<\/h3>\n\n<figure class=\"wp-block-image size-full\"><a href=\"https:\/\/www.insel-moen.de\/wp-content\/uploads\/2024\/03\/bed-and-breakfast-nyord.jpeg\"><img loading=\"lazy\" decoding=\"async\" width=\"1600\" height=\"1067\" src=\"https:\/\/www.insel-moen.de\/wp-content\/uploads\/2024\/03\/bed-and-breakfast-nyord.jpeg\" alt=\"Bed &amp;amp; Breakfast Nyord\" class=\"wp-image-6922\" srcset=\"https:\/\/www.insel-moen.de\/wp-content\/uploads\/2024\/03\/bed-and-breakfast-nyord.jpeg 1600w, https:\/\/www.insel-moen.de\/wp-content\/uploads\/2024\/03\/bed-and-breakfast-nyord-300x200.jpeg 300w, https:\/\/www.insel-moen.de\/wp-content\/uploads\/2024\/03\/bed-and-breakfast-nyord-1024x683.jpeg 1024w, https:\/\/www.insel-moen.de\/wp-content\/uploads\/2024\/03\/bed-and-breakfast-nyord-768x512.jpeg 768w, https:\/\/www.insel-moen.de\/wp-content\/uploads\/2024\/03\/bed-and-breakfast-nyord-1536x1024.jpeg 1536w, https:\/\/www.insel-moen.de\/wp-content\/uploads\/2024\/03\/bed-and-breakfast-nyord-810x540.jpeg 810w, https:\/\/www.insel-moen.de\/wp-content\/uploads\/2024\/03\/bed-and-breakfast-nyord-1200x800.jpeg 1200w\" sizes=\"auto, (max-width: 1600px) 100vw, 1600px\" \/><\/a><\/figure>\n<ul class=\"wp-block-list\">\n<li>Opis: Oferuje komfortowe pokoje w spokojnej okolicy, idealne dla mi\u0142o\u015bnik\u00f3w przyrody i ptak\u00f3w.<\/li>\n\n\n\n<li>Strona internetowa: <a href=\"http:\/\/nyord-bb.dk\/\">nyord-bb.dk<\/a><\/li>\n<\/ul>\n\n<h3 class=\"wp-block-heading\"><strong>G\u00e6stehus z Bentem i Yrs\u0105 Hansenami<\/strong><\/h3>\n\n<ul class=\"wp-block-list\">\n<li>Opis: Prywatny pensjonat z indywidualnym podej\u015bciem, w pobli\u017cu Hyldevang Nature Centre.<\/li>\n\n\n\n<li>Kontakt w sprawie rezerwacji i informacji: Telefon: +45 28 18 50 76 \/ +45 28 61 10 16<\/li>\n<\/ul>\n\n<h3 class=\"wp-block-heading\"><strong>Schroniska w Hyldevang Nature Centre<\/strong><\/h3>\n\n<figure class=\"wp-block-image size-full\"><a href=\"https:\/\/www.insel-moen.de\/wp-content\/uploads\/2024\/03\/shelter-nyord.jpeg\"><img loading=\"lazy\" decoding=\"async\" width=\"1600\" height=\"1062\" src=\"https:\/\/www.insel-moen.de\/wp-content\/uploads\/2024\/03\/shelter-nyord.jpeg\" alt=\"\" class=\"wp-image-6950\" srcset=\"https:\/\/www.insel-moen.de\/wp-content\/uploads\/2024\/03\/shelter-nyord.jpeg 1600w, https:\/\/www.insel-moen.de\/wp-content\/uploads\/2024\/03\/shelter-nyord-300x199.jpeg 300w, https:\/\/www.insel-moen.de\/wp-content\/uploads\/2024\/03\/shelter-nyord-1024x680.jpeg 1024w, https:\/\/www.insel-moen.de\/wp-content\/uploads\/2024\/03\/shelter-nyord-768x510.jpeg 768w, https:\/\/www.insel-moen.de\/wp-content\/uploads\/2024\/03\/shelter-nyord-1536x1020.jpeg 1536w, https:\/\/www.insel-moen.de\/wp-content\/uploads\/2024\/03\/shelter-nyord-810x538.jpeg 810w, https:\/\/www.insel-moen.de\/wp-content\/uploads\/2024\/03\/shelter-nyord-1200x797.jpeg 1200w\" sizes=\"auto, (max-width: 1600px) 100vw, 1600px\" \/><\/a><\/figure>\n<p>Ka\u017cda z tych 4 kabin mo\u017ce pomie\u015bci\u0107 do sze\u015bciu os\u00f3b, co czyni je idealnymi dla ma\u0142ych grup lub rodzin, kt\u00f3re chc\u0105 sp\u0119dzi\u0107 noc w otoczeniu przyrody. Aby zachowa\u0107 spokojn\u0105 i chronion\u0105 atmosfer\u0119, konieczne jest wcze\u015bniejsze zarezerwowanie schronisk, z maksymalnym pobytem na dwie noce. Odwiedzaj\u0105cy proszeni s\u0105 o nierozstawianie dodatkowych namiot\u00f3w w celu ochrony otaczaj\u0105cego \u015brodowiska naturalnego.<\/p>\n\n<p>Obszar wok\u00f3\u0142 Hyldevang nie tylko oferuje wod\u0119 pitn\u0105 i dost\u0119p do prostej toalety, ale jest r\u00f3wnie\u017c utrzymywany przez oddanych pomocnik\u00f3w le\u015bnych z Vordingborg Sociale Virksomheder. Nie tylko dbaj\u0105 o porz\u0105dek, ale czasami tak\u017ce dostarczaj\u0105 drewno na opa\u0142. Jednak ze wzgl\u0119du na popularno\u015b\u0107 tego miejsca, zaleca si\u0119 przywiezienie w\u0142asnego drewna opa\u0142owego, aby zawsze by\u0142o wystarczaj\u0105co du\u017co na przytulne ognisko. Pobyt w schroniskach Hyldevang zapewnia autentyczne wra\u017cenia przyrodnicze w jednym z najpi\u0119kniejszych du\u0144skich rezerwat\u00f3w przyrody.<\/p>\n\n<ul class=\"wp-block-list\">\n<li>Opis: Nocleg w jednym ze schronisk w Hyldevang Nature Centre to czyste do\u015bwiadczenie natury. Idealny dla poszukiwaczy przyg\u00f3d i obserwator\u00f3w gwiazd.<\/li>\n\n\n\n<li>Strona internetowa: udinaturen <a href=\"https:\/\/udinaturen.dk\/\">.dk<\/a><\/li>\n<\/ul>\n\n<h3 class=\"wp-block-heading\"><strong>Lille Bod &#8211; kiosk dzienny i nocleg<\/strong><\/h3>\n\n<ul class=\"wp-block-list\">\n<li>Opis: Opr\u00f3cz przek\u0105sek i napoj\u00f3w w ci\u0105gu dnia, kiosk oferuje r\u00f3wnie\u017c prosty nocleg.<\/li>\n\n\n\n<li>Strona internetowa: Brak konkretnej strony internetowej, ale cz\u0119sto wymieniany w lokalnych przewodnikach turystycznych i portalach z recenzjami.<\/li>\n<\/ul>\n\n<h3 class=\"wp-block-heading\">Ragnhilds G\u00e5rd<\/h3>\n\n<figure class=\"wp-block-image size-full\"><a href=\"https:\/\/www.insel-moen.de\/wp-content\/uploads\/2024\/03\/Ragnhilds-Gard-nyord.jpeg\"><img loading=\"lazy\" decoding=\"async\" width=\"1024\" height=\"683\" src=\"https:\/\/www.insel-moen.de\/wp-content\/uploads\/2024\/03\/Ragnhilds-Gard-nyord.jpeg\" alt=\"Ragnhilds G&#xE5;rd\" class=\"wp-image-6964\" srcset=\"https:\/\/www.insel-moen.de\/wp-content\/uploads\/2024\/03\/Ragnhilds-Gard-nyord.jpeg 1024w, https:\/\/www.insel-moen.de\/wp-content\/uploads\/2024\/03\/Ragnhilds-Gard-nyord-300x200.jpeg 300w, https:\/\/www.insel-moen.de\/wp-content\/uploads\/2024\/03\/Ragnhilds-Gard-nyord-768x512.jpeg 768w, https:\/\/www.insel-moen.de\/wp-content\/uploads\/2024\/03\/Ragnhilds-Gard-nyord-810x540.jpeg 810w\" sizes=\"auto, (max-width: 1024px) 100vw, 1024px\" \/><\/a><\/figure>\n<ul class=\"wp-block-list\">\n<li>Opis: Obiekt Ragnhilds G\u00e5rd po\u0142o\u017cony jest w miejscowo\u015bci Nyord i oferuje ogr\u00f3d, taras, restauracj\u0119 oraz bezp\u0142atne WiFi w ca\u0142ym budynku.<\/li>\n\n\n\n<li><a href=\"https:\/\/www.booking.com\/hotel\/dk\/ragnhilds-gard.de.html\">Rezerwacja jest mo\u017cliwa tutaj<\/a><\/li>\n<\/ul>\n\n<p>Prosimy o bezpo\u015bredni kontakt z wybranym obiektem w celu ustalenia dost\u0119pno\u015bci, cen i konkretnych wymaga\u0144. Nyord oferuje wyj\u0105tkow\u0105 atmosfer\u0119 i spok\u00f3j, kt\u00f3re sprawi\u0105, \u017ce pobyt b\u0119dzie niezapomniany.<\/p>\n\n<h2 class=\"wp-block-heading\">FAQ<\/h2>\n\n<ul class=\"wp-block-list\">\n<li><strong>Najlepszy czas na podr\u00f3\u017c?<\/strong>  Od wiosny do jesieni, zw\u0142aszcza gdy ptaki s\u0105 najbardziej aktywne.<\/li>\n\n\n\n<li><strong>Dzia\u0142ania?<\/strong>  Obserwowanie ptak\u00f3w, obserwacja gwiazd, jazda na rowerze i piesze wycieczki.<\/li>\n\n\n\n<li><strong>Wydarzenia specjalne?<\/strong>  Wypatruj lokalnych og\u0142osze\u0144 o festiwalach i targach.<\/li>\n<\/ul>\n\n<h4 class=\"wp-block-heading\">Wnioski<\/h4>\n\n<p>Nyord to co\u015b wi\u0119cej ni\u017c miejsce docelowe; to do\u015bwiadczenie, kt\u00f3re zanurza ci\u0119 w naturze, opowiadaj\u0105c jednocze\u015bnie histori\u0119 \u017cywej wioski. Daj si\u0119 oczarowa\u0107 spokojowi i pi\u0119knu tej wyj\u0105tkowej wyspy i sta\u0144 si\u0119 cz\u0119\u015bci\u0105 historii Nyord. Czekamy na Ciebie!<\/p>\n\n<figure class=\"wp-block-table\"><table><tbody><tr><td>Prawa autorskie do zdj\u0119\u0107 \u00a9<\/td><td>Cel podr\u00f3\u017cy Po\u0142udniowe wybrze\u017ce Danii<\/td><\/tr><\/tbody><\/table><\/figure>","protected":false},"excerpt":{"rendered":"<p>Witamy w Nyord, ma\u0142ym raju po\u0142o\u017conym pomi\u0119dzy M\u00f8n i Zelandi\u0105. Jako cz\u0119\u015b\u0107 pierwszego du\u0144skiego rezerwatu biosfery UNESCO i pierwszego parku ciemnego nieba w Skandynawii, Nyord oferuje rzadkie po\u0142\u0105czenie dziewiczej przyrody i nocnego spokoju, wolnego od zanieczyszczenia \u015bwiat\u0142em. Tutaj, gdzie niebo wci\u0105\u017c robi si\u0119 naprawd\u0119 ciemne, mo\u017cna obserwowa\u0107 gwiazdy jak nigdzie indziej w Danii. Krajobraz Nyord [&hellip;]<\/p>\n","protected":false},"author":3,"featured_media":8087,"parent":0,"menu_order":0,"comment_status":"closed","ping_status":"closed","template":"templates\/template-full-width.php","meta":{"footnotes":""},"class_list":["post-8060","page","type-page","status-publish","has-post-thumbnail","hentry"],"yoast_head":"<!-- This site is optimized with the Yoast SEO plugin v24.5 - https:\/\/yoast.com\/wordpress\/plugins\/seo\/ -->\n<title>Odkryj Nyord: idyll\u0119 mi\u0119dzy M\u00f8n i Zelandi\u0105 - Insel M\u00f6n<\/title>\n<meta name=\"robots\" content=\"index, follow, max-snippet:-1, max-image-preview:large, max-video-preview:-1\" \/>\n<link rel=\"canonical\" href=\"https:\/\/www.insel-moen.de\/pl\/odkryj-nyord-idylle-miedzy-moen-i-zelandia\/\" \/>\n<meta property=\"og:locale\" content=\"pl_PL\" \/>\n<meta property=\"og:type\" content=\"article\" \/>\n<meta property=\"og:title\" content=\"Odkryj Nyord: idyll\u0119 mi\u0119dzy M\u00f8n i Zelandi\u0105 - Insel M\u00f6n\" \/>\n<meta property=\"og:description\" content=\"Witamy w Nyord, ma\u0142ym raju po\u0142o\u017conym pomi\u0119dzy M\u00f8n i Zelandi\u0105. Jako cz\u0119\u015b\u0107 pierwszego du\u0144skiego rezerwatu biosfery UNESCO i pierwszego parku ciemnego nieba w Skandynawii, Nyord oferuje rzadkie po\u0142\u0105czenie dziewiczej przyrody i nocnego spokoju, wolnego od zanieczyszczenia \u015bwiat\u0142em. Tutaj, gdzie niebo wci\u0105\u017c robi si\u0119 naprawd\u0119 ciemne, mo\u017cna obserwowa\u0107 gwiazdy jak nigdzie indziej w Danii. Krajobraz Nyord [&hellip;]\" \/>\n<meta property=\"og:url\" content=\"https:\/\/www.insel-moen.de\/pl\/odkryj-nyord-idylle-miedzy-moen-i-zelandia\/\" \/>\n<meta property=\"og:site_name\" content=\"Insel M\u00f6n\" \/>\n<meta property=\"article:modified_time\" content=\"2024-05-25T08:59:53+00:00\" \/>\n<meta property=\"og:image\" content=\"https:\/\/www.insel-moen.de\/wp-content\/uploads\/2024\/03\/nyord-vom-Wind-und-wiesen.jpeg\" \/>\n\t<meta property=\"og:image:width\" content=\"1600\" \/>\n\t<meta property=\"og:image:height\" content=\"1068\" \/>\n\t<meta property=\"og:image:type\" content=\"image\/jpeg\" \/>\n<meta name=\"twitter:card\" content=\"summary_large_image\" \/>\n<meta name=\"twitter:label1\" content=\"Szacowany czas czytania\" \/>\n\t<meta name=\"twitter:data1\" content=\"7 minut\" \/>\n<script type=\"application\/ld+json\" class=\"yoast-schema-graph\">{\"@context\":\"https:\/\/schema.org\",\"@graph\":[{\"@type\":\"WebPage\",\"@id\":\"https:\/\/www.insel-moen.de\/pl\/odkryj-nyord-idylle-miedzy-moen-i-zelandia\/\",\"url\":\"https:\/\/www.insel-moen.de\/pl\/odkryj-nyord-idylle-miedzy-moen-i-zelandia\/\",\"name\":\"Odkryj Nyord: idyll\u0119 mi\u0119dzy M\u00f8n i Zelandi\u0105 - Insel M\u00f6n\",\"isPartOf\":{\"@id\":\"https:\/\/www.insel-moen.de\/pl\/#website\"},\"primaryImageOfPage\":{\"@id\":\"https:\/\/www.insel-moen.de\/pl\/odkryj-nyord-idylle-miedzy-moen-i-zelandia\/#primaryimage\"},\"image\":{\"@id\":\"https:\/\/www.insel-moen.de\/pl\/odkryj-nyord-idylle-miedzy-moen-i-zelandia\/#primaryimage\"},\"thumbnailUrl\":\"https:\/\/www.insel-moen.de\/wp-content\/uploads\/2024\/03\/nyord-vom-Wind-und-wiesen.jpeg\",\"datePublished\":\"2024-05-16T08:16:37+00:00\",\"dateModified\":\"2024-05-25T08:59:53+00:00\",\"breadcrumb\":{\"@id\":\"https:\/\/www.insel-moen.de\/pl\/odkryj-nyord-idylle-miedzy-moen-i-zelandia\/#breadcrumb\"},\"inLanguage\":\"pl-PL\",\"potentialAction\":[{\"@type\":\"ReadAction\",\"target\":[\"https:\/\/www.insel-moen.de\/pl\/odkryj-nyord-idylle-miedzy-moen-i-zelandia\/\"]}]},{\"@type\":\"ImageObject\",\"inLanguage\":\"pl-PL\",\"@id\":\"https:\/\/www.insel-moen.de\/pl\/odkryj-nyord-idylle-miedzy-moen-i-zelandia\/#primaryimage\",\"url\":\"https:\/\/www.insel-moen.de\/wp-content\/uploads\/2024\/03\/nyord-vom-Wind-und-wiesen.jpeg\",\"contentUrl\":\"https:\/\/www.insel-moen.de\/wp-content\/uploads\/2024\/03\/nyord-vom-Wind-und-wiesen.jpeg\",\"width\":1600,\"height\":1068},{\"@type\":\"BreadcrumbList\",\"@id\":\"https:\/\/www.insel-moen.de\/pl\/odkryj-nyord-idylle-miedzy-moen-i-zelandia\/#breadcrumb\",\"itemListElement\":[{\"@type\":\"ListItem\",\"position\":1,\"name\":\"Startseite\",\"item\":\"https:\/\/www.insel-moen.de\/pl\/witamy-na-wyspie-moen\/\"},{\"@type\":\"ListItem\",\"position\":2,\"name\":\"Odkryj Nyord: idyll\u0119 mi\u0119dzy M\u00f8n i Zelandi\u0105\"}]},{\"@type\":\"WebSite\",\"@id\":\"https:\/\/www.insel-moen.de\/pl\/#website\",\"url\":\"https:\/\/www.insel-moen.de\/pl\/\",\"name\":\"Insel M\u00f6n\",\"description\":\"INSEL M\u00d6N - Urlaub in der D\u00e4nischen S\u00fcdsee\",\"publisher\":{\"@id\":\"https:\/\/www.insel-moen.de\/pl\/#organization\"},\"potentialAction\":[{\"@type\":\"SearchAction\",\"target\":{\"@type\":\"EntryPoint\",\"urlTemplate\":\"https:\/\/www.insel-moen.de\/pl\/?s={search_term_string}\"},\"query-input\":{\"@type\":\"PropertyValueSpecification\",\"valueRequired\":true,\"valueName\":\"search_term_string\"}}],\"inLanguage\":\"pl-PL\"},{\"@type\":\"Organization\",\"@id\":\"https:\/\/www.insel-moen.de\/pl\/#organization\",\"name\":\"www.insel-moen.de\",\"url\":\"https:\/\/www.insel-moen.de\/pl\/\",\"logo\":{\"@type\":\"ImageObject\",\"inLanguage\":\"pl-PL\",\"@id\":\"https:\/\/www.insel-moen.de\/pl\/#\/schema\/logo\/image\/\",\"url\":\"https:\/\/www.insel-moen.de\/wp-content\/uploads\/2023\/08\/cropped-daenemark-logo-neu-klein.png\",\"contentUrl\":\"https:\/\/www.insel-moen.de\/wp-content\/uploads\/2023\/08\/cropped-daenemark-logo-neu-klein.png\",\"width\":100,\"height\":101,\"caption\":\"www.insel-moen.de\"},\"image\":{\"@id\":\"https:\/\/www.insel-moen.de\/pl\/#\/schema\/logo\/image\/\"}}]}<\/script>\n<!-- \/ Yoast SEO plugin. -->","yoast_head_json":{"title":"Odkryj Nyord: idyll\u0119 mi\u0119dzy M\u00f8n i Zelandi\u0105 - Insel M\u00f6n","robots":{"index":"index","follow":"follow","max-snippet":"max-snippet:-1","max-image-preview":"max-image-preview:large","max-video-preview":"max-video-preview:-1"},"canonical":"https:\/\/www.insel-moen.de\/pl\/odkryj-nyord-idylle-miedzy-moen-i-zelandia\/","og_locale":"pl_PL","og_type":"article","og_title":"Odkryj Nyord: idyll\u0119 mi\u0119dzy M\u00f8n i Zelandi\u0105 - Insel M\u00f6n","og_description":"Witamy w Nyord, ma\u0142ym raju po\u0142o\u017conym pomi\u0119dzy M\u00f8n i Zelandi\u0105. Jako cz\u0119\u015b\u0107 pierwszego du\u0144skiego rezerwatu biosfery UNESCO i pierwszego parku ciemnego nieba w Skandynawii, Nyord oferuje rzadkie po\u0142\u0105czenie dziewiczej przyrody i nocnego spokoju, wolnego od zanieczyszczenia \u015bwiat\u0142em. Tutaj, gdzie niebo wci\u0105\u017c robi si\u0119 naprawd\u0119 ciemne, mo\u017cna obserwowa\u0107 gwiazdy jak nigdzie indziej w Danii. Krajobraz Nyord [&hellip;]","og_url":"https:\/\/www.insel-moen.de\/pl\/odkryj-nyord-idylle-miedzy-moen-i-zelandia\/","og_site_name":"Insel M\u00f6n","article_modified_time":"2024-05-25T08:59:53+00:00","og_image":[{"width":1600,"height":1068,"url":"https:\/\/www.insel-moen.de\/wp-content\/uploads\/2024\/03\/nyord-vom-Wind-und-wiesen.jpeg","type":"image\/jpeg"}],"twitter_card":"summary_large_image","twitter_misc":{"Szacowany czas czytania":"7 minut"},"schema":{"@context":"https:\/\/schema.org","@graph":[{"@type":"WebPage","@id":"https:\/\/www.insel-moen.de\/pl\/odkryj-nyord-idylle-miedzy-moen-i-zelandia\/","url":"https:\/\/www.insel-moen.de\/pl\/odkryj-nyord-idylle-miedzy-moen-i-zelandia\/","name":"Odkryj Nyord: idyll\u0119 mi\u0119dzy M\u00f8n i Zelandi\u0105 - Insel M\u00f6n","isPartOf":{"@id":"https:\/\/www.insel-moen.de\/pl\/#website"},"primaryImageOfPage":{"@id":"https:\/\/www.insel-moen.de\/pl\/odkryj-nyord-idylle-miedzy-moen-i-zelandia\/#primaryimage"},"image":{"@id":"https:\/\/www.insel-moen.de\/pl\/odkryj-nyord-idylle-miedzy-moen-i-zelandia\/#primaryimage"},"thumbnailUrl":"https:\/\/www.insel-moen.de\/wp-content\/uploads\/2024\/03\/nyord-vom-Wind-und-wiesen.jpeg","datePublished":"2024-05-16T08:16:37+00:00","dateModified":"2024-05-25T08:59:53+00:00","breadcrumb":{"@id":"https:\/\/www.insel-moen.de\/pl\/odkryj-nyord-idylle-miedzy-moen-i-zelandia\/#breadcrumb"},"inLanguage":"pl-PL","potentialAction":[{"@type":"ReadAction","target":["https:\/\/www.insel-moen.de\/pl\/odkryj-nyord-idylle-miedzy-moen-i-zelandia\/"]}]},{"@type":"ImageObject","inLanguage":"pl-PL","@id":"https:\/\/www.insel-moen.de\/pl\/odkryj-nyord-idylle-miedzy-moen-i-zelandia\/#primaryimage","url":"https:\/\/www.insel-moen.de\/wp-content\/uploads\/2024\/03\/nyord-vom-Wind-und-wiesen.jpeg","contentUrl":"https:\/\/www.insel-moen.de\/wp-content\/uploads\/2024\/03\/nyord-vom-Wind-und-wiesen.jpeg","width":1600,"height":1068},{"@type":"BreadcrumbList","@id":"https:\/\/www.insel-moen.de\/pl\/odkryj-nyord-idylle-miedzy-moen-i-zelandia\/#breadcrumb","itemListElement":[{"@type":"ListItem","position":1,"name":"Startseite","item":"https:\/\/www.insel-moen.de\/pl\/witamy-na-wyspie-moen\/"},{"@type":"ListItem","position":2,"name":"Odkryj Nyord: idyll\u0119 mi\u0119dzy M\u00f8n i Zelandi\u0105"}]},{"@type":"WebSite","@id":"https:\/\/www.insel-moen.de\/pl\/#website","url":"https:\/\/www.insel-moen.de\/pl\/","name":"Insel M\u00f6n","description":"INSEL M\u00d6N - Urlaub in der D\u00e4nischen S\u00fcdsee","publisher":{"@id":"https:\/\/www.insel-moen.de\/pl\/#organization"},"potentialAction":[{"@type":"SearchAction","target":{"@type":"EntryPoint","urlTemplate":"https:\/\/www.insel-moen.de\/pl\/?s={search_term_string}"},"query-input":{"@type":"PropertyValueSpecification","valueRequired":true,"valueName":"search_term_string"}}],"inLanguage":"pl-PL"},{"@type":"Organization","@id":"https:\/\/www.insel-moen.de\/pl\/#organization","name":"www.insel-moen.de","url":"https:\/\/www.insel-moen.de\/pl\/","logo":{"@type":"ImageObject","inLanguage":"pl-PL","@id":"https:\/\/www.insel-moen.de\/pl\/#\/schema\/logo\/image\/","url":"https:\/\/www.insel-moen.de\/wp-content\/uploads\/2023\/08\/cropped-daenemark-logo-neu-klein.png","contentUrl":"https:\/\/www.insel-moen.de\/wp-content\/uploads\/2023\/08\/cropped-daenemark-logo-neu-klein.png","width":100,"height":101,"caption":"www.insel-moen.de"},"image":{"@id":"https:\/\/www.insel-moen.de\/pl\/#\/schema\/logo\/image\/"}}]}},"_links":{"self":[{"href":"https:\/\/www.insel-moen.de\/pl\/wp-json\/wp\/v2\/pages\/8060","targetHints":{"allow":["GET"]}}],"collection":[{"href":"https:\/\/www.insel-moen.de\/pl\/wp-json\/wp\/v2\/pages"}],"about":[{"href":"https:\/\/www.insel-moen.de\/pl\/wp-json\/wp\/v2\/types\/page"}],"author":[{"embeddable":true,"href":"https:\/\/www.insel-moen.de\/pl\/wp-json\/wp\/v2\/users\/3"}],"replies":[{"embeddable":true,"href":"https:\/\/www.insel-moen.de\/pl\/wp-json\/wp\/v2\/comments?post=8060"}],"version-history":[{"count":7,"href":"https:\/\/www.insel-moen.de\/pl\/wp-json\/wp\/v2\/pages\/8060\/revisions"}],"predecessor-version":[{"id":8777,"href":"https:\/\/www.insel-moen.de\/pl\/wp-json\/wp\/v2\/pages\/8060\/revisions\/8777"}],"wp:featuredmedia":[{"embeddable":true,"href":"https:\/\/www.insel-moen.de\/pl\/wp-json\/wp\/v2\/media\/8087"}],"wp:attachment":[{"href":"https:\/\/www.insel-moen.de\/pl\/wp-json\/wp\/v2\/media?parent=8060"}],"curies":[{"name":"wp","href":"https:\/\/api.w.org\/{rel}","templated":true}]}}