{"id":8485,"date":"2024-05-16T09:12:36","date_gmt":"2024-05-16T09:12:36","guid":{"rendered":"https:\/\/www.insel-moen.de\/a-voir-et-a-faire-a-moen\/baignade-sur-lile-de-moen\/"},"modified":"2024-05-16T09:12:39","modified_gmt":"2024-05-16T09:12:39","slug":"baignade-sur-lile-de-moen","status":"publish","type":"page","link":"https:\/\/www.insel-moen.de\/fr\/a-voir-et-a-faire-a-moen\/baignade-sur-lile-de-moen\/","title":{"rendered":"Baignade sur l&#8217;\u00eele de M\u00f6n"},"content":{"rendered":"\n<p>Moen est connue pour la diversit\u00e9 de ses paysages c\u00f4tiers (140 km de c\u00f4tes au total), sans oublier ses plages. Il y a ici quelques plages de sable fin &#8211; pas aussi fines que celles de Bornholm, mais \u00e0 peu pr\u00e8s comme celles de R\u00fcgen. Nous vous montrons les meilleures plages de M\u00f6n.<br\/>Sur Moen, on s&#8217;efforce de pr\u00e9server les plages dans leur diversit\u00e9 de flore et de faune. Il y a parfois des installations sanitaires et la plage est r\u00e9guli\u00e8rement nettoy\u00e9e des algues et des objets \u00e9chou\u00e9s.<\/p>\n\n<h2 class=\"wp-block-heading\">Klintholm Havn  <\/h2>\n\n<p>Il se passe beaucoup de choses ici. Il y a beaucoup de touristes. Cependant, tout le monde peut y trouver un endroit tranquille. toutes les infos sur la plage<br\/>La plage de Klintholm Havn est une belle plage de sable, situ\u00e9e de part et d&#8217;autre du joli port de p\u00eache.<br\/>de nombreuses installations, une marina, des restaurants, des magasins et des h\u00e9bergements.<br\/>Vid\u00e9o de plage<\/p>\n\n<h2 class=\"wp-block-heading\">S\u00f8hundehavn (naturiste)<\/h2>\n\n<p>La plage nudiste se trouve \u00e0 l&#8217;est d&#8217;Ulvshale et poss\u00e8de un sable blanc et fin. Il n&#8217;y a pas beaucoup d&#8217;activit\u00e9 ici. Avec un peu de chance, vous aurez la plage pour vous tout seul. toutes les infos sur la plage<\/p>\n\n<h2 class=\"wp-block-heading\">Ulsvhale (naturiste)<\/h2>\n\n<p>La plage principale s&#8217;\u00e9tend de la <a href=\"https:\/\/www.dansk.de\/mon\/ulvshale\/\" target=\"_blank\" rel=\"noreferrer noopener\">p\u00e9ninsule d&#8217;Ulvshale<\/a> vers l&#8217;est sur plusieurs kilom\u00e8tres le long de la c\u00f4te nord-ouest. Cette section, d&#8217;une largeur totale de pr\u00e8s de 450 m\u00e8tres, poss\u00e8de un sable \u00e0 grain fin et une entr\u00e9e en pente douce, ainsi qu&#8217;un parc pour enfants. Elle est consid\u00e9r\u00e9e comme un lieu exquis pour la baignade et se pr\u00eate \u00e9galement parfaitement \u00e0 l&#8217;\u00e9quitation, ce qui attire en masse les jeunes.<\/p>\n\n<p>Il y a beaucoup de touristes dans cette ville. La plage, longue de 5 km et dot\u00e9e d&#8217;un pavillon bleu, est cependant tr\u00e8s fr\u00e9quent\u00e9e, ce qui permet aux nudistes de s&#8217;y baigner en toute tranquillit\u00e9. Aucune trace de bousculade. Il y a de belles dunes et du sable blanc fin et sucr\u00e9. Il y a \u00e9galement un acc\u00e8s pour les personnes en fauteuil roulant, des toilettes et des magasins. Les derni\u00e8res nouvelles sont affich\u00e9es sur un panneau d&#8217;information sur la plage.<br\/>La plage d&#8217;Ulvshale est peu profonde et donc tr\u00e8s adapt\u00e9e aux enfants.<\/p>\n\n<h2 class=\"wp-block-heading\">Plage de Rabylille sur la c\u00f4te sud de M\u00f8n<\/h2>\n\n<p>est une belle zone r\u00e9sidentielle et une plage naturelle avec de nombreux \u00e9pis. Il y a quelques rochers et algues entre les \u00e9pis. Cependant, vous pouvez trouver de bonnes possibilit\u00e9s de baignade en vous promenant le long de la plage. Il est possible de marcher le long de la plage &#8211; jusqu&#8217;\u00e0 Klintholm Havn.<\/p>\n\n<h2 class=\"wp-block-heading\">Plage de Rytzebaek sur l&#8217;\u00eele de Vestm\u00f8n<\/h2>\n\n<p>La plage a un bon parking juste derri\u00e8re la plage, mais pas d&#8217;installations suppl\u00e9mentaires. C&#8217;est une plage naturelle avec du sable et quelques rochers dans l&#8217;eau. La plage est id\u00e9ale pour les promenades, \u00e0 la fois \u00e0 l&#8217;est vers les falaises de craie et \u00e0 l&#8217;ouest jusqu&#8217;\u00e0 la for\u00eat de Fanefjord avec ses beaux grands h\u00eatres. Une belle plage pour les amoureux de la nature.<\/p>\n\n<h2 class=\"wp-block-heading\">Harb\u00f8lle Beach est une grande plage de dunes et de sable.<\/h2>\n\n<p>Voici un camping juste \u00e0 c\u00f4t\u00e9 de la plage. Les baigneurs utilisent les parkings publics, d&#8217;o\u00f9 un sentier descend vers la plage. Non loin de l\u00e0 (pr\u00e8s de la carri\u00e8re), il y a de bonnes possibilit\u00e9s de p\u00eache. Il y a un kiosque, des toilettes et une ambiance chaleureuse.<\/p>\n\n<h2 class=\"wp-block-heading\">Plage d&#8217;Oddermose<\/h2>\n\n<p>Si vous recherchez le calme sur la plage, ne manquez pas de vous rendre \u00e0 Oddermose. La plage est \u00e9galement tr\u00e8s recommand\u00e9e pour les amateurs de chiens. Il y a m\u00eame des toilettes sur le parking qui sert de lieu de stockage temporaire pour les grosses pierres. La plage elle-m\u00eame est tr\u00e8s rocheuse, mais il y a aussi de bonnes zones de sable. On y trouve \u00e9galement des \u00e9ponges sph\u00e9riques et des \u00e9clairs.<\/p>\n\n<h2 class=\"wp-block-heading\">K\u00f8benhavns L\u00e6rerforenings Colons &#8211; \u00d8sters\u00f8en<\/h2>\n\n<p>Tr\u00e8s bonne plage avec beaucoup de sable et aussi des rochers. Il est \u00e9galement possible de louer quelque chose ici.  <a href=\"https:\/\/kolonierne.dk\/koloni\/oestersoeen\/\">Lien<\/a><\/p>\n\n<div class=\"wp-block-cover has-background-dim-10 has-background-dim\"><img loading=\"lazy\" decoding=\"async\" width=\"500\" height=\"279\" class=\"wp-block-cover__image-background wp-image-118\" alt=\"\" src=\"https:\/\/www.insel-moen.de\/wp-content\/uploads\/2019\/04\/straende-auf-moen.jpg\" data-object-fit=\"cover\" srcset=\"https:\/\/www.insel-moen.de\/wp-content\/uploads\/2019\/04\/straende-auf-moen.jpg 500w, https:\/\/www.insel-moen.de\/wp-content\/uploads\/2019\/04\/straende-auf-moen-300x167.jpg 300w, https:\/\/www.insel-moen.de\/wp-content\/uploads\/2019\/04\/straende-auf-moen-120x67.jpg 120w\" sizes=\"auto, (max-width: 500px) 100vw, 500px\" \/><div class=\"wp-block-cover__inner-container is-layout-flow wp-block-cover-is-layout-flow\">\n<p class=\"has-text-align-center has-large-font-size\"><em>Une baignade dans la mer Baltique \u00e0 M\u00f6n<\/em><\/p>\n<\/div><\/div>\n","protected":false},"excerpt":{"rendered":"<p>Moen est connue pour la diversit\u00e9 de ses paysages c\u00f4tiers (140 km de c\u00f4tes au total), sans oublier ses plages. Il y a ici quelques plages de sable fin &#8211; pas aussi fines que celles de Bornholm, mais \u00e0 peu pr\u00e8s comme celles de R\u00fcgen. Nous vous montrons les meilleures plages de M\u00f6n.Sur Moen, on [&hellip;]<\/p>\n","protected":false},"author":3,"featured_media":8490,"parent":8396,"menu_order":0,"comment_status":"closed","ping_status":"closed","template":"templates\/template-full-width.php","meta":{"footnotes":""},"class_list":["post-8485","page","type-page","status-publish","has-post-thumbnail","hentry"],"yoast_head":"<!-- This site is optimized with the Yoast SEO plugin v24.5 - https:\/\/yoast.com\/wordpress\/plugins\/seo\/ -->\n<title>Baignade sur l&#039;\u00eele de M\u00f6n<\/title>\n<meta name=\"robots\" content=\"index, follow, max-snippet:-1, max-image-preview:large, max-video-preview:-1\" \/>\n<link rel=\"canonical\" href=\"https:\/\/www.insel-moen.de\/fr\/a-voir-et-a-faire-a-moen\/baignade-sur-lile-de-moen\/\" \/>\n<meta property=\"og:locale\" content=\"fr_FR\" \/>\n<meta property=\"og:type\" content=\"article\" \/>\n<meta property=\"og:title\" content=\"Baignade sur l&#039;\u00eele de M\u00f6n\" \/>\n<meta property=\"og:description\" content=\"Moen est connue pour la diversit\u00e9 de ses paysages c\u00f4tiers (140 km de c\u00f4tes au total), sans oublier ses plages. Il y a ici quelques plages de sable fin &#8211; pas aussi fines que celles de Bornholm, mais \u00e0 peu pr\u00e8s comme celles de R\u00fcgen. Nous vous montrons les meilleures plages de M\u00f6n.Sur Moen, on [&hellip;]\" \/>\n<meta property=\"og:url\" content=\"https:\/\/www.insel-moen.de\/fr\/a-voir-et-a-faire-a-moen\/baignade-sur-lile-de-moen\/\" \/>\n<meta property=\"og:site_name\" content=\"Insel M\u00f6n\" \/>\n<meta property=\"article:modified_time\" content=\"2024-05-16T09:12:39+00:00\" \/>\n<meta property=\"og:image\" content=\"https:\/\/www.insel-moen.de\/wp-content\/uploads\/2021\/10\/Born-leger-pa\u030a-strand_25387-scaled.jpg\" \/>\n\t<meta property=\"og:image:width\" content=\"2560\" \/>\n\t<meta property=\"og:image:height\" content=\"1707\" \/>\n\t<meta property=\"og:image:type\" content=\"image\/jpeg\" \/>\n<meta name=\"twitter:card\" content=\"summary_large_image\" \/>\n<meta name=\"twitter:label1\" content=\"Dur\u00e9e de lecture estim\u00e9e\" \/>\n\t<meta name=\"twitter:data1\" content=\"4 minutes\" \/>\n<script type=\"application\/ld+json\" class=\"yoast-schema-graph\">{\"@context\":\"https:\/\/schema.org\",\"@graph\":[{\"@type\":\"WebPage\",\"@id\":\"https:\/\/www.insel-moen.de\/fr\/a-voir-et-a-faire-a-moen\/baignade-sur-lile-de-moen\/\",\"url\":\"https:\/\/www.insel-moen.de\/fr\/a-voir-et-a-faire-a-moen\/baignade-sur-lile-de-moen\/\",\"name\":\"Baignade sur l'\u00eele de M\u00f6n\",\"isPartOf\":{\"@id\":\"https:\/\/www.insel-moen.de\/fr\/#website\"},\"primaryImageOfPage\":{\"@id\":\"https:\/\/www.insel-moen.de\/fr\/a-voir-et-a-faire-a-moen\/baignade-sur-lile-de-moen\/#primaryimage\"},\"image\":{\"@id\":\"https:\/\/www.insel-moen.de\/fr\/a-voir-et-a-faire-a-moen\/baignade-sur-lile-de-moen\/#primaryimage\"},\"thumbnailUrl\":\"https:\/\/www.insel-moen.de\/wp-content\/uploads\/2021\/10\/Born-leger-pa\u030a-strand_25387-scaled.jpg\",\"datePublished\":\"2024-05-16T09:12:36+00:00\",\"dateModified\":\"2024-05-16T09:12:39+00:00\",\"breadcrumb\":{\"@id\":\"https:\/\/www.insel-moen.de\/fr\/a-voir-et-a-faire-a-moen\/baignade-sur-lile-de-moen\/#breadcrumb\"},\"inLanguage\":\"fr-FR\",\"potentialAction\":[{\"@type\":\"ReadAction\",\"target\":[\"https:\/\/www.insel-moen.de\/fr\/a-voir-et-a-faire-a-moen\/baignade-sur-lile-de-moen\/\"]}]},{\"@type\":\"ImageObject\",\"inLanguage\":\"fr-FR\",\"@id\":\"https:\/\/www.insel-moen.de\/fr\/a-voir-et-a-faire-a-moen\/baignade-sur-lile-de-moen\/#primaryimage\",\"url\":\"https:\/\/www.insel-moen.de\/wp-content\/uploads\/2021\/10\/Born-leger-pa\u030a-strand_25387-scaled.jpg\",\"contentUrl\":\"https:\/\/www.insel-moen.de\/wp-content\/uploads\/2021\/10\/Born-leger-pa\u030a-strand_25387-scaled.jpg\",\"width\":2560,\"height\":1707},{\"@type\":\"BreadcrumbList\",\"@id\":\"https:\/\/www.insel-moen.de\/fr\/a-voir-et-a-faire-a-moen\/baignade-sur-lile-de-moen\/#breadcrumb\",\"itemListElement\":[{\"@type\":\"ListItem\",\"position\":1,\"name\":\"Startseite\",\"item\":\"https:\/\/www.insel-moen.de\/fr\/bienvenue-sur-lile-de-moen\/\"},{\"@type\":\"ListItem\",\"position\":2,\"name\":\"A voir et \u00e0 faire \u00e0 M\u00f8n\",\"item\":\"https:\/\/www.insel-moen.de\/fr\/a-voir-et-a-faire-a-moen\/\"},{\"@type\":\"ListItem\",\"position\":3,\"name\":\"Baignade sur l&#8217;\u00eele de M\u00f6n\"}]},{\"@type\":\"WebSite\",\"@id\":\"https:\/\/www.insel-moen.de\/fr\/#website\",\"url\":\"https:\/\/www.insel-moen.de\/fr\/\",\"name\":\"Insel M\u00f6n\",\"description\":\"INSEL M\u00d6N - Urlaub in der D\u00e4nischen S\u00fcdsee\",\"publisher\":{\"@id\":\"https:\/\/www.insel-moen.de\/fr\/#organization\"},\"potentialAction\":[{\"@type\":\"SearchAction\",\"target\":{\"@type\":\"EntryPoint\",\"urlTemplate\":\"https:\/\/www.insel-moen.de\/fr\/?s={search_term_string}\"},\"query-input\":{\"@type\":\"PropertyValueSpecification\",\"valueRequired\":true,\"valueName\":\"search_term_string\"}}],\"inLanguage\":\"fr-FR\"},{\"@type\":\"Organization\",\"@id\":\"https:\/\/www.insel-moen.de\/fr\/#organization\",\"name\":\"www.insel-moen.de\",\"url\":\"https:\/\/www.insel-moen.de\/fr\/\",\"logo\":{\"@type\":\"ImageObject\",\"inLanguage\":\"fr-FR\",\"@id\":\"https:\/\/www.insel-moen.de\/fr\/#\/schema\/logo\/image\/\",\"url\":\"https:\/\/www.insel-moen.de\/wp-content\/uploads\/2023\/08\/cropped-daenemark-logo-neu-klein.png\",\"contentUrl\":\"https:\/\/www.insel-moen.de\/wp-content\/uploads\/2023\/08\/cropped-daenemark-logo-neu-klein.png\",\"width\":100,\"height\":101,\"caption\":\"www.insel-moen.de\"},\"image\":{\"@id\":\"https:\/\/www.insel-moen.de\/fr\/#\/schema\/logo\/image\/\"}}]}<\/script>\n<!-- \/ Yoast SEO plugin. -->","yoast_head_json":{"title":"Baignade sur l'\u00eele de M\u00f6n","robots":{"index":"index","follow":"follow","max-snippet":"max-snippet:-1","max-image-preview":"max-image-preview:large","max-video-preview":"max-video-preview:-1"},"canonical":"https:\/\/www.insel-moen.de\/fr\/a-voir-et-a-faire-a-moen\/baignade-sur-lile-de-moen\/","og_locale":"fr_FR","og_type":"article","og_title":"Baignade sur l'\u00eele de M\u00f6n","og_description":"Moen est connue pour la diversit\u00e9 de ses paysages c\u00f4tiers (140 km de c\u00f4tes au total), sans oublier ses plages. Il y a ici quelques plages de sable fin &#8211; pas aussi fines que celles de Bornholm, mais \u00e0 peu pr\u00e8s comme celles de R\u00fcgen. Nous vous montrons les meilleures plages de M\u00f6n.Sur Moen, on [&hellip;]","og_url":"https:\/\/www.insel-moen.de\/fr\/a-voir-et-a-faire-a-moen\/baignade-sur-lile-de-moen\/","og_site_name":"Insel M\u00f6n","article_modified_time":"2024-05-16T09:12:39+00:00","og_image":[{"width":2560,"height":1707,"url":"https:\/\/www.insel-moen.de\/wp-content\/uploads\/2021\/10\/Born-leger-pa\u030a-strand_25387-scaled.jpg","type":"image\/jpeg"}],"twitter_card":"summary_large_image","twitter_misc":{"Dur\u00e9e de lecture estim\u00e9e":"4 minutes"},"schema":{"@context":"https:\/\/schema.org","@graph":[{"@type":"WebPage","@id":"https:\/\/www.insel-moen.de\/fr\/a-voir-et-a-faire-a-moen\/baignade-sur-lile-de-moen\/","url":"https:\/\/www.insel-moen.de\/fr\/a-voir-et-a-faire-a-moen\/baignade-sur-lile-de-moen\/","name":"Baignade sur l'\u00eele de M\u00f6n","isPartOf":{"@id":"https:\/\/www.insel-moen.de\/fr\/#website"},"primaryImageOfPage":{"@id":"https:\/\/www.insel-moen.de\/fr\/a-voir-et-a-faire-a-moen\/baignade-sur-lile-de-moen\/#primaryimage"},"image":{"@id":"https:\/\/www.insel-moen.de\/fr\/a-voir-et-a-faire-a-moen\/baignade-sur-lile-de-moen\/#primaryimage"},"thumbnailUrl":"https:\/\/www.insel-moen.de\/wp-content\/uploads\/2021\/10\/Born-leger-pa\u030a-strand_25387-scaled.jpg","datePublished":"2024-05-16T09:12:36+00:00","dateModified":"2024-05-16T09:12:39+00:00","breadcrumb":{"@id":"https:\/\/www.insel-moen.de\/fr\/a-voir-et-a-faire-a-moen\/baignade-sur-lile-de-moen\/#breadcrumb"},"inLanguage":"fr-FR","potentialAction":[{"@type":"ReadAction","target":["https:\/\/www.insel-moen.de\/fr\/a-voir-et-a-faire-a-moen\/baignade-sur-lile-de-moen\/"]}]},{"@type":"ImageObject","inLanguage":"fr-FR","@id":"https:\/\/www.insel-moen.de\/fr\/a-voir-et-a-faire-a-moen\/baignade-sur-lile-de-moen\/#primaryimage","url":"https:\/\/www.insel-moen.de\/wp-content\/uploads\/2021\/10\/Born-leger-pa\u030a-strand_25387-scaled.jpg","contentUrl":"https:\/\/www.insel-moen.de\/wp-content\/uploads\/2021\/10\/Born-leger-pa\u030a-strand_25387-scaled.jpg","width":2560,"height":1707},{"@type":"BreadcrumbList","@id":"https:\/\/www.insel-moen.de\/fr\/a-voir-et-a-faire-a-moen\/baignade-sur-lile-de-moen\/#breadcrumb","itemListElement":[{"@type":"ListItem","position":1,"name":"Startseite","item":"https:\/\/www.insel-moen.de\/fr\/bienvenue-sur-lile-de-moen\/"},{"@type":"ListItem","position":2,"name":"A voir et \u00e0 faire \u00e0 M\u00f8n","item":"https:\/\/www.insel-moen.de\/fr\/a-voir-et-a-faire-a-moen\/"},{"@type":"ListItem","position":3,"name":"Baignade sur l&#8217;\u00eele de M\u00f6n"}]},{"@type":"WebSite","@id":"https:\/\/www.insel-moen.de\/fr\/#website","url":"https:\/\/www.insel-moen.de\/fr\/","name":"Insel M\u00f6n","description":"INSEL M\u00d6N - Urlaub in der D\u00e4nischen S\u00fcdsee","publisher":{"@id":"https:\/\/www.insel-moen.de\/fr\/#organization"},"potentialAction":[{"@type":"SearchAction","target":{"@type":"EntryPoint","urlTemplate":"https:\/\/www.insel-moen.de\/fr\/?s={search_term_string}"},"query-input":{"@type":"PropertyValueSpecification","valueRequired":true,"valueName":"search_term_string"}}],"inLanguage":"fr-FR"},{"@type":"Organization","@id":"https:\/\/www.insel-moen.de\/fr\/#organization","name":"www.insel-moen.de","url":"https:\/\/www.insel-moen.de\/fr\/","logo":{"@type":"ImageObject","inLanguage":"fr-FR","@id":"https:\/\/www.insel-moen.de\/fr\/#\/schema\/logo\/image\/","url":"https:\/\/www.insel-moen.de\/wp-content\/uploads\/2023\/08\/cropped-daenemark-logo-neu-klein.png","contentUrl":"https:\/\/www.insel-moen.de\/wp-content\/uploads\/2023\/08\/cropped-daenemark-logo-neu-klein.png","width":100,"height":101,"caption":"www.insel-moen.de"},"image":{"@id":"https:\/\/www.insel-moen.de\/fr\/#\/schema\/logo\/image\/"}}]}},"_links":{"self":[{"href":"https:\/\/www.insel-moen.de\/fr\/wp-json\/wp\/v2\/pages\/8485","targetHints":{"allow":["GET"]}}],"collection":[{"href":"https:\/\/www.insel-moen.de\/fr\/wp-json\/wp\/v2\/pages"}],"about":[{"href":"https:\/\/www.insel-moen.de\/fr\/wp-json\/wp\/v2\/types\/page"}],"author":[{"embeddable":true,"href":"https:\/\/www.insel-moen.de\/fr\/wp-json\/wp\/v2\/users\/3"}],"replies":[{"embeddable":true,"href":"https:\/\/www.insel-moen.de\/fr\/wp-json\/wp\/v2\/comments?post=8485"}],"version-history":[{"count":1,"href":"https:\/\/www.insel-moen.de\/fr\/wp-json\/wp\/v2\/pages\/8485\/revisions"}],"predecessor-version":[{"id":8491,"href":"https:\/\/www.insel-moen.de\/fr\/wp-json\/wp\/v2\/pages\/8485\/revisions\/8491"}],"up":[{"embeddable":true,"href":"https:\/\/www.insel-moen.de\/fr\/wp-json\/wp\/v2\/pages\/8396"}],"wp:featuredmedia":[{"embeddable":true,"href":"https:\/\/www.insel-moen.de\/fr\/wp-json\/wp\/v2\/media\/8490"}],"wp:attachment":[{"href":"https:\/\/www.insel-moen.de\/fr\/wp-json\/wp\/v2\/media?parent=8485"}],"curies":[{"name":"wp","href":"https:\/\/api.w.org\/{rel}","templated":true}]}}