{"id":8484,"date":"2024-05-16T09:12:36","date_gmt":"2024-05-16T09:12:36","guid":{"rendered":"https:\/\/www.insel-moen.de\/rekreacni-dum-na-moen-se-psem\/"},"modified":"2024-05-16T09:12:42","modified_gmt":"2024-05-16T09:12:42","slug":"rekreacni-dum-na-moen-se-psem","status":"publish","type":"page","link":"https:\/\/www.insel-moen.de\/cs\/rekreacni-domy-na-ostrove-moen\/rekreacni-dum-na-moen-se-psem\/","title":{"rendered":"Rekrea\u010dn\u00ed d\u016fm na M\u00f6n se psem"},"content":{"rendered":"<div style=\"width: 100%\" id=\"c24pp-holidayhome-iframe\" data-q=\"M\u00f8n\" region_id=\"71\" data-animals_maximum_min=\"1\"><\/div>\n<p><script src=\"https:\/\/files.check24.net\/widgets\/auto\/124552\/c24pp-holidayhome-iframe\/holidayhome-iframe.js\"><\/script><\/p>\n\n<h2 class=\"wp-block-heading\">Se psem do M\u00f6n<\/h2>\n\n<p>  Ostrov M\u00f6n je ide\u00e1ln\u00ed pro dovolenou se psem. V na\u0161\u00ed nab\u00eddce je mnoho rekrea\u010dn\u00edch dom\u016f v t\u00e9to rekrea\u010dn\u00ed oblasti s povolen\u00edm pro dom\u00e1c\u00ed zv\u00ed\u0159ata, kter\u00e9 umo\u017e\u0148uj\u00ed vz\u00edt si s sebou psa a jsou pro to tak\u00e9 vybaveny. Pl\u00e1\u017e v M\u00f6n nab\u00edz\u00ed va\u0161emu \u010dty\u0159noh\u00e9mu p\u0159\u00edteli dostatek pohybu.  <\/p>\n\n<h2 class=\"wp-block-heading\"><strong>Chaty a chalupy na M\u00f6n se psem<\/strong><\/h2>\n\n<h3 class=\"wp-block-heading\">Ubytov\u00e1n\u00ed na M\u00f6n se psem povoleno &#8211; bez p\u0159\u00edplatku.<br\/><\/h3>\n\n<p>\u010cas dovolen\u00fdch je \u010dasem rodiny a v\u00e1\u0161 dom\u00e1c\u00ed mazl\u00ed\u010dek je d\u016fle\u017eit\u00fdm \u010dlenem rodiny! Stejn\u011b jako jeho &#8220;lid\u00e9&#8221; m\u00e1 pes r\u00e1d dlouh\u00e9 proch\u00e1zky, p\u0159\u00edjemn\u00e9 chv\u00edle hran\u00ed, relaxa\u010dn\u00ed hodiny ve st\u00ednu nebo &#8220;vodn\u00ed sporty&#8221; na pl\u00e1\u017ei. Je sou\u010d\u00e1st\u00ed obrazu harmonick\u00e9 rodinn\u00e9 dovolen\u00e9.<\/p>\n\n<p>V mnoha rekrea\u010dn\u00edch domech Atraveo si m\u016f\u017eete vz\u00edt s sebou sv\u00e9ho dom\u00e1c\u00edho mazl\u00ed\u010dka. Pokud hled\u00e1te rekrea\u010dn\u00ed d\u016fm, kde je povolen pobyt va\u0161eho psa, sta\u010d\u00ed vybrat vyhled\u00e1vac\u00ed krit\u00e9rium &#8220;Dom\u00e1c\u00ed zv\u00ed\u0159ata povolena&#8221; a ozna\u010dit jej &#8220;Ano&#8221;. Pak jsou tu v\u0161echny rekrea\u010dn\u00ed domy, kter\u00e9 uv\u00edtaj\u00ed \u010dty\u0159noh\u00e9 rekreanty.<br\/><\/p>\n\n<h3 class=\"wp-block-heading\"><strong>Je snadn\u00e9 a pohodln\u00e9 m\u00edt psa na dovolen\u00e9 v chatce<\/strong><\/h3>\n\n<p>Ob\u011b kategorie dom\u016f umo\u017e\u0148uj\u00ed max. 2 zv\u00ed\u0159ata druhu: pes, ko\u010dka, kr\u00e1l\u00edk, mor\u010de, k\u0159e\u010dek a \u017eelva. Pokud si nap\u0159\u00edklad vezmete psa do rekrea\u010dn\u00edho domu, nemus\u00edte se ob\u00e1vat dal\u0161\u00edch n\u00e1klad\u016f na \u00faklid. Vz\u00edt si s sebou psa do rekrea\u010dn\u00edho domu Novasol je zcela zdarma. Nezapome\u0148te psa p\u0159i odchodu uklidit a vy\u010distit jako obvykle. Samoz\u0159ejm\u011b se m\u016f\u017eete rozhodnout i pro z\u00e1v\u011bre\u010dn\u00fd \u00faklid a v takov\u00e9m p\u0159\u00edpad\u011b do chaty vjedeme s vysava\u010dem.<br\/><\/p>\n\n<h3 class=\"wp-block-heading\"><strong>P\u0159i rezervaci rekrea\u010dn\u00edho domu na ostrov\u011b M\u00f6n je v\u017edy vhodn\u00e9 uv\u00e9st, zda s sebou berete dom\u00e1c\u00ed zv\u00ed\u0159ata.<\/strong><\/h3>\n\n<p><strong>Ve v\u0161ech rekrea\u010dn\u00edch domech ozna\u010den\u00fdch symbolem psa jsou v\u0161ichni \u010dty\u0159noz\u00ed rekreanti v M\u00f6n v\u00edt\u00e1ni.<\/strong><\/p>\n\n<p>M\u016f\u017eete pou\u017e\u00edt max. B\u011bhem pobytu jsou povolena 2 dom\u00e1c\u00ed zv\u00ed\u0159ata, pokud nen\u00ed uvedeno jinak podle M\u00f6n.<\/p>\n\n<p>Pokud se chcete dozv\u011bd\u011bt v\u00edce o pravidlech pro cestov\u00e1n\u00ed se psem ve voln\u00e9 p\u0159\u00edrod\u011b, najdete je na str\u00e1nk\u00e1ch Agentury pro lesy a p\u0159\u00edrodu.<br\/><\/p>\n\n<h3 class=\"wp-block-heading\">Ps\u00ed lesy v D\u00e1nsku<\/h3>\n\n<p><\/p>\n\n<p>V D\u00e1nsku je mnoho ps\u00edch les\u016f, kde se mus\u00edte pohybovat se psem bez vod\u00edtka. P\u0159ehled les\u016f v D\u00e1nsku najdete na t\u00e9to str\u00e1nce:  <\/p>\n\n<p><a href=\"http:\/\/www.naturstyrelsen.dk\/Udgivelser\/Foldere\/Hunde\/hund.htm\">http:\/\/www.naturstyrelsen.dk\/Udgivelser\/Foldere\/Hunde\/hund.htm<\/a><\/p>\n\n<figure class=\"wp-block-embed\"><div class=\"wp-block-embed__wrapper\">\nhttps:\/\/dyr.dk\/hundeskove\n<\/div><\/figure>\n\n<p>Koup\u00e1n\u00ed v mo\u0159i stimuluje krevn\u00ed ob\u011bh a povzbuzuje psa. Rozmanit\u00e1 krajina ostrova M\u00f6n s M\u00f6ns Klint nebo nedalek\u00fd safari park nab\u00edz\u00ed va\u0161emu psovi spoustu nov\u00fdch dobrodru\u017estv\u00ed. Psi mohou cestovat i na trajektu do D\u00e1nska (Rostock-&gt;Gedser na Falsteru) &#8211; k dispozici jsou misky na pit\u00ed. Dop\u0159ejte sob\u011b i sv\u00e9mu psovi dovolenou na d\u00e1nsk\u00e9m ostrov\u011b M\u00f6n. Doporu\u010dujeme Ulvshale, Bog\u00f6 nebo hlavn\u00ed m\u011bsto ostrova Stege.  <\/p>\n","protected":false},"excerpt":{"rendered":"<p>Se psem do M\u00f6n Ostrov M\u00f6n je ide\u00e1ln\u00ed pro dovolenou se psem. V na\u0161\u00ed nab\u00eddce je mnoho rekrea\u010dn\u00edch dom\u016f v t\u00e9to rekrea\u010dn\u00ed oblasti s povolen\u00edm pro dom\u00e1c\u00ed zv\u00ed\u0159ata, kter\u00e9 umo\u017e\u0148uj\u00ed vz\u00edt si s sebou psa a jsou pro to tak\u00e9 vybaveny. Pl\u00e1\u017e v M\u00f6n nab\u00edz\u00ed va\u0161emu \u010dty\u0159noh\u00e9mu p\u0159\u00edteli dostatek pohybu. Chaty a chalupy na M\u00f6n [&hellip;]<\/p>\n","protected":false},"author":3,"featured_media":8489,"parent":8510,"menu_order":0,"comment_status":"closed","ping_status":"open","template":"","meta":{"footnotes":""},"class_list":["post-8484","page","type-page","status-publish","has-post-thumbnail","hentry"],"yoast_head":"<!-- This site is optimized with the Yoast SEO plugin v24.5 - https:\/\/yoast.com\/wordpress\/plugins\/seo\/ -->\n<title>Rekrea\u010dn\u00ed d\u016fm na M\u00f6n se psem - Insel M\u00f6n<\/title>\n<meta name=\"robots\" content=\"index, follow, max-snippet:-1, max-image-preview:large, max-video-preview:-1\" \/>\n<link rel=\"canonical\" href=\"https:\/\/www.insel-moen.de\/cs\/rekreacni-domy-na-ostrove-moen\/rekreacni-dum-na-moen-se-psem\/\" \/>\n<meta property=\"og:locale\" content=\"cs_CZ\" \/>\n<meta property=\"og:type\" content=\"article\" \/>\n<meta property=\"og:title\" content=\"Rekrea\u010dn\u00ed d\u016fm na M\u00f6n se psem - Insel M\u00f6n\" \/>\n<meta property=\"og:description\" content=\"Se psem do M\u00f6n Ostrov M\u00f6n je ide\u00e1ln\u00ed pro dovolenou se psem. V na\u0161\u00ed nab\u00eddce je mnoho rekrea\u010dn\u00edch dom\u016f v t\u00e9to rekrea\u010dn\u00ed oblasti s povolen\u00edm pro dom\u00e1c\u00ed zv\u00ed\u0159ata, kter\u00e9 umo\u017e\u0148uj\u00ed vz\u00edt si s sebou psa a jsou pro to tak\u00e9 vybaveny. Pl\u00e1\u017e v M\u00f6n nab\u00edz\u00ed va\u0161emu \u010dty\u0159noh\u00e9mu p\u0159\u00edteli dostatek pohybu. Chaty a chalupy na M\u00f6n [&hellip;]\" \/>\n<meta property=\"og:url\" content=\"https:\/\/www.insel-moen.de\/cs\/rekreacni-domy-na-ostrove-moen\/rekreacni-dum-na-moen-se-psem\/\" \/>\n<meta property=\"og:site_name\" content=\"Insel M\u00f6n\" \/>\n<meta property=\"article:modified_time\" content=\"2024-05-16T09:12:42+00:00\" \/>\n<meta property=\"og:image\" content=\"https:\/\/www.insel-moen.de\/wp-content\/uploads\/2019\/06\/L\u00f8kken_32275-large.jpg\" \/>\n\t<meta property=\"og:image:width\" content=\"1920\" \/>\n\t<meta property=\"og:image:height\" content=\"1281\" \/>\n\t<meta property=\"og:image:type\" content=\"image\/jpeg\" \/>\n<meta name=\"twitter:card\" content=\"summary_large_image\" \/>\n<meta name=\"twitter:label1\" content=\"Odhadovan\u00e1 doba \u010dten\u00ed\" \/>\n\t<meta name=\"twitter:data1\" content=\"3 minuty\" \/>\n<script type=\"application\/ld+json\" class=\"yoast-schema-graph\">{\"@context\":\"https:\/\/schema.org\",\"@graph\":[{\"@type\":\"WebPage\",\"@id\":\"https:\/\/www.insel-moen.de\/cs\/rekreacni-domy-na-ostrove-moen\/rekreacni-dum-na-moen-se-psem\/\",\"url\":\"https:\/\/www.insel-moen.de\/cs\/rekreacni-domy-na-ostrove-moen\/rekreacni-dum-na-moen-se-psem\/\",\"name\":\"Rekrea\u010dn\u00ed d\u016fm na M\u00f6n se psem - Insel M\u00f6n\",\"isPartOf\":{\"@id\":\"https:\/\/www.insel-moen.de\/cs\/#website\"},\"primaryImageOfPage\":{\"@id\":\"https:\/\/www.insel-moen.de\/cs\/rekreacni-domy-na-ostrove-moen\/rekreacni-dum-na-moen-se-psem\/#primaryimage\"},\"image\":{\"@id\":\"https:\/\/www.insel-moen.de\/cs\/rekreacni-domy-na-ostrove-moen\/rekreacni-dum-na-moen-se-psem\/#primaryimage\"},\"thumbnailUrl\":\"https:\/\/www.insel-moen.de\/wp-content\/uploads\/2019\/06\/L\u00f8kken_32275-large.jpg\",\"datePublished\":\"2024-05-16T09:12:36+00:00\",\"dateModified\":\"2024-05-16T09:12:42+00:00\",\"breadcrumb\":{\"@id\":\"https:\/\/www.insel-moen.de\/cs\/rekreacni-domy-na-ostrove-moen\/rekreacni-dum-na-moen-se-psem\/#breadcrumb\"},\"inLanguage\":\"cs\",\"potentialAction\":[{\"@type\":\"ReadAction\",\"target\":[\"https:\/\/www.insel-moen.de\/cs\/rekreacni-domy-na-ostrove-moen\/rekreacni-dum-na-moen-se-psem\/\"]}]},{\"@type\":\"ImageObject\",\"inLanguage\":\"cs\",\"@id\":\"https:\/\/www.insel-moen.de\/cs\/rekreacni-domy-na-ostrove-moen\/rekreacni-dum-na-moen-se-psem\/#primaryimage\",\"url\":\"https:\/\/www.insel-moen.de\/wp-content\/uploads\/2019\/06\/L\u00f8kken_32275-large.jpg\",\"contentUrl\":\"https:\/\/www.insel-moen.de\/wp-content\/uploads\/2019\/06\/L\u00f8kken_32275-large.jpg\",\"width\":1920,\"height\":1281},{\"@type\":\"BreadcrumbList\",\"@id\":\"https:\/\/www.insel-moen.de\/cs\/rekreacni-domy-na-ostrove-moen\/rekreacni-dum-na-moen-se-psem\/#breadcrumb\",\"itemListElement\":[{\"@type\":\"ListItem\",\"position\":1,\"name\":\"Startseite\",\"item\":\"https:\/\/www.insel-moen.de\/cs\/vitejte-na-ostrove-moen\/\"},{\"@type\":\"ListItem\",\"position\":2,\"name\":\"Rekrea\u010dn\u00ed domy na ostrov\u011b M\u00f6n\",\"item\":\"https:\/\/www.insel-moen.de\/cs\/rekreacni-domy-na-ostrove-moen\/\"},{\"@type\":\"ListItem\",\"position\":3,\"name\":\"Rekrea\u010dn\u00ed d\u016fm na M\u00f6n se psem\"}]},{\"@type\":\"WebSite\",\"@id\":\"https:\/\/www.insel-moen.de\/cs\/#website\",\"url\":\"https:\/\/www.insel-moen.de\/cs\/\",\"name\":\"Insel M\u00f6n\",\"description\":\"INSEL M\u00d6N - Urlaub in der D\u00e4nischen S\u00fcdsee\",\"publisher\":{\"@id\":\"https:\/\/www.insel-moen.de\/cs\/#organization\"},\"potentialAction\":[{\"@type\":\"SearchAction\",\"target\":{\"@type\":\"EntryPoint\",\"urlTemplate\":\"https:\/\/www.insel-moen.de\/cs\/?s={search_term_string}\"},\"query-input\":{\"@type\":\"PropertyValueSpecification\",\"valueRequired\":true,\"valueName\":\"search_term_string\"}}],\"inLanguage\":\"cs\"},{\"@type\":\"Organization\",\"@id\":\"https:\/\/www.insel-moen.de\/cs\/#organization\",\"name\":\"www.insel-moen.de\",\"url\":\"https:\/\/www.insel-moen.de\/cs\/\",\"logo\":{\"@type\":\"ImageObject\",\"inLanguage\":\"cs\",\"@id\":\"https:\/\/www.insel-moen.de\/cs\/#\/schema\/logo\/image\/\",\"url\":\"https:\/\/www.insel-moen.de\/wp-content\/uploads\/2023\/08\/cropped-daenemark-logo-neu-klein.png\",\"contentUrl\":\"https:\/\/www.insel-moen.de\/wp-content\/uploads\/2023\/08\/cropped-daenemark-logo-neu-klein.png\",\"width\":100,\"height\":101,\"caption\":\"www.insel-moen.de\"},\"image\":{\"@id\":\"https:\/\/www.insel-moen.de\/cs\/#\/schema\/logo\/image\/\"}}]}<\/script>\n<!-- \/ Yoast SEO plugin. -->","yoast_head_json":{"title":"Rekrea\u010dn\u00ed d\u016fm na M\u00f6n se psem - Insel M\u00f6n","robots":{"index":"index","follow":"follow","max-snippet":"max-snippet:-1","max-image-preview":"max-image-preview:large","max-video-preview":"max-video-preview:-1"},"canonical":"https:\/\/www.insel-moen.de\/cs\/rekreacni-domy-na-ostrove-moen\/rekreacni-dum-na-moen-se-psem\/","og_locale":"cs_CZ","og_type":"article","og_title":"Rekrea\u010dn\u00ed d\u016fm na M\u00f6n se psem - Insel M\u00f6n","og_description":"Se psem do M\u00f6n Ostrov M\u00f6n je ide\u00e1ln\u00ed pro dovolenou se psem. V na\u0161\u00ed nab\u00eddce je mnoho rekrea\u010dn\u00edch dom\u016f v t\u00e9to rekrea\u010dn\u00ed oblasti s povolen\u00edm pro dom\u00e1c\u00ed zv\u00ed\u0159ata, kter\u00e9 umo\u017e\u0148uj\u00ed vz\u00edt si s sebou psa a jsou pro to tak\u00e9 vybaveny. Pl\u00e1\u017e v M\u00f6n nab\u00edz\u00ed va\u0161emu \u010dty\u0159noh\u00e9mu p\u0159\u00edteli dostatek pohybu. Chaty a chalupy na M\u00f6n [&hellip;]","og_url":"https:\/\/www.insel-moen.de\/cs\/rekreacni-domy-na-ostrove-moen\/rekreacni-dum-na-moen-se-psem\/","og_site_name":"Insel M\u00f6n","article_modified_time":"2024-05-16T09:12:42+00:00","og_image":[{"width":1920,"height":1281,"url":"https:\/\/www.insel-moen.de\/wp-content\/uploads\/2019\/06\/L\u00f8kken_32275-large.jpg","type":"image\/jpeg"}],"twitter_card":"summary_large_image","twitter_misc":{"Odhadovan\u00e1 doba \u010dten\u00ed":"3 minuty"},"schema":{"@context":"https:\/\/schema.org","@graph":[{"@type":"WebPage","@id":"https:\/\/www.insel-moen.de\/cs\/rekreacni-domy-na-ostrove-moen\/rekreacni-dum-na-moen-se-psem\/","url":"https:\/\/www.insel-moen.de\/cs\/rekreacni-domy-na-ostrove-moen\/rekreacni-dum-na-moen-se-psem\/","name":"Rekrea\u010dn\u00ed d\u016fm na M\u00f6n se psem - Insel M\u00f6n","isPartOf":{"@id":"https:\/\/www.insel-moen.de\/cs\/#website"},"primaryImageOfPage":{"@id":"https:\/\/www.insel-moen.de\/cs\/rekreacni-domy-na-ostrove-moen\/rekreacni-dum-na-moen-se-psem\/#primaryimage"},"image":{"@id":"https:\/\/www.insel-moen.de\/cs\/rekreacni-domy-na-ostrove-moen\/rekreacni-dum-na-moen-se-psem\/#primaryimage"},"thumbnailUrl":"https:\/\/www.insel-moen.de\/wp-content\/uploads\/2019\/06\/L\u00f8kken_32275-large.jpg","datePublished":"2024-05-16T09:12:36+00:00","dateModified":"2024-05-16T09:12:42+00:00","breadcrumb":{"@id":"https:\/\/www.insel-moen.de\/cs\/rekreacni-domy-na-ostrove-moen\/rekreacni-dum-na-moen-se-psem\/#breadcrumb"},"inLanguage":"cs","potentialAction":[{"@type":"ReadAction","target":["https:\/\/www.insel-moen.de\/cs\/rekreacni-domy-na-ostrove-moen\/rekreacni-dum-na-moen-se-psem\/"]}]},{"@type":"ImageObject","inLanguage":"cs","@id":"https:\/\/www.insel-moen.de\/cs\/rekreacni-domy-na-ostrove-moen\/rekreacni-dum-na-moen-se-psem\/#primaryimage","url":"https:\/\/www.insel-moen.de\/wp-content\/uploads\/2019\/06\/L\u00f8kken_32275-large.jpg","contentUrl":"https:\/\/www.insel-moen.de\/wp-content\/uploads\/2019\/06\/L\u00f8kken_32275-large.jpg","width":1920,"height":1281},{"@type":"BreadcrumbList","@id":"https:\/\/www.insel-moen.de\/cs\/rekreacni-domy-na-ostrove-moen\/rekreacni-dum-na-moen-se-psem\/#breadcrumb","itemListElement":[{"@type":"ListItem","position":1,"name":"Startseite","item":"https:\/\/www.insel-moen.de\/cs\/vitejte-na-ostrove-moen\/"},{"@type":"ListItem","position":2,"name":"Rekrea\u010dn\u00ed domy na ostrov\u011b M\u00f6n","item":"https:\/\/www.insel-moen.de\/cs\/rekreacni-domy-na-ostrove-moen\/"},{"@type":"ListItem","position":3,"name":"Rekrea\u010dn\u00ed d\u016fm na M\u00f6n se psem"}]},{"@type":"WebSite","@id":"https:\/\/www.insel-moen.de\/cs\/#website","url":"https:\/\/www.insel-moen.de\/cs\/","name":"Insel M\u00f6n","description":"INSEL M\u00d6N - Urlaub in der D\u00e4nischen S\u00fcdsee","publisher":{"@id":"https:\/\/www.insel-moen.de\/cs\/#organization"},"potentialAction":[{"@type":"SearchAction","target":{"@type":"EntryPoint","urlTemplate":"https:\/\/www.insel-moen.de\/cs\/?s={search_term_string}"},"query-input":{"@type":"PropertyValueSpecification","valueRequired":true,"valueName":"search_term_string"}}],"inLanguage":"cs"},{"@type":"Organization","@id":"https:\/\/www.insel-moen.de\/cs\/#organization","name":"www.insel-moen.de","url":"https:\/\/www.insel-moen.de\/cs\/","logo":{"@type":"ImageObject","inLanguage":"cs","@id":"https:\/\/www.insel-moen.de\/cs\/#\/schema\/logo\/image\/","url":"https:\/\/www.insel-moen.de\/wp-content\/uploads\/2023\/08\/cropped-daenemark-logo-neu-klein.png","contentUrl":"https:\/\/www.insel-moen.de\/wp-content\/uploads\/2023\/08\/cropped-daenemark-logo-neu-klein.png","width":100,"height":101,"caption":"www.insel-moen.de"},"image":{"@id":"https:\/\/www.insel-moen.de\/cs\/#\/schema\/logo\/image\/"}}]}},"_links":{"self":[{"href":"https:\/\/www.insel-moen.de\/cs\/wp-json\/wp\/v2\/pages\/8484","targetHints":{"allow":["GET"]}}],"collection":[{"href":"https:\/\/www.insel-moen.de\/cs\/wp-json\/wp\/v2\/pages"}],"about":[{"href":"https:\/\/www.insel-moen.de\/cs\/wp-json\/wp\/v2\/types\/page"}],"author":[{"embeddable":true,"href":"https:\/\/www.insel-moen.de\/cs\/wp-json\/wp\/v2\/users\/3"}],"replies":[{"embeddable":true,"href":"https:\/\/www.insel-moen.de\/cs\/wp-json\/wp\/v2\/comments?post=8484"}],"version-history":[{"count":1,"href":"https:\/\/www.insel-moen.de\/cs\/wp-json\/wp\/v2\/pages\/8484\/revisions"}],"predecessor-version":[{"id":8496,"href":"https:\/\/www.insel-moen.de\/cs\/wp-json\/wp\/v2\/pages\/8484\/revisions\/8496"}],"up":[{"embeddable":true,"href":"https:\/\/www.insel-moen.de\/cs\/wp-json\/wp\/v2\/pages\/8510"}],"wp:featuredmedia":[{"embeddable":true,"href":"https:\/\/www.insel-moen.de\/cs\/wp-json\/wp\/v2\/media\/8489"}],"wp:attachment":[{"href":"https:\/\/www.insel-moen.de\/cs\/wp-json\/wp\/v2\/media?parent=8484"}],"curies":[{"name":"wp","href":"https:\/\/api.w.org\/{rel}","templated":true}]}}